{"id":58804,"date":"2021-09-15T02:50:33","date_gmt":"2021-09-15T02:50:33","guid":{"rendered":"https:\/\/www.eliassen.nl\/?product=adezz-waterschaal-cortenstaal-200x31cm"},"modified":"2026-04-21T17:10:20","modified_gmt":"2026-04-21T15:10:20","slug":"adezz-wasserschale-cortenstahl-200x31cm","status":"publish","type":"product","link":"https:\/\/www.eliassen.nl\/de\/adezz-wasserschale-cortenstahl-200x31cm\/","title":{"rendered":"Wasserschale Stahl Adezz 200x31cm"},"content":{"rendered":"<p><a href=\"https:\/\/cdn.adezz.com\/production\/ERP_handleidingen\/Productmodellen\/220\/444\/ADEZZ%20Waterelementen%20NL.pdf\"><strong><u>Handbuch<\/u><\/strong><\/a><strong> <u>|<\/u> <a href=\"https:\/\/cdn.adezz.com\/production\/ERP_handleidingen\/Producten\/2527\/736\/WNS6%20Sheet_1.PDF\"><u>Skizze<\/u><\/a><\/strong><\/p>\n<p><strong><a href=\"https:\/\/www.youtube.com\/watch?v=zdflGbngZCM\" target=\"_blank\" rel=\"noopener\"><img decoding=\"async\" src=\"https:\/\/www.eliassen.nl\/wp-content\/uploads\/2025\/12\/youtube-play.png\" alt=\"\" width=\"27\" height=\"27\"><\/a><\/strong><strong><a href=\"https:\/\/www.youtube.com\/watch?v=zdflGbngZCM\" target=\"_blank\" rel=\"noopener\">Seien Sie<\/a><\/strong><strong><a href=\"https:\/\/www.youtube.com\/watch?v=zdflGbngZCM\" target=\"_blank\" rel=\"noopener\">Video ansehen<\/a><\/strong><\/p>\n<p>Verwenden Sie diese Wasserschale, um die sch\u00f6nsten Wasserkreationen in Ihrem Garten zu schaffen. Platzierung direkt auf einem Gitter oder auf einem Sockel oder mehrere Schalen auf verschiedenen H\u00f6hen von S\u00e4ulen. Alles ist m\u00f6glich.<\/p>\n<ul>\n<li>Material: Stahl 4mm<\/li>\n<li>Sehr stark und widerstandsf\u00e4hig<\/li>\n<li>Schlankes und zeitloses Design<\/li>\n<li>Wetterbest\u00e4ndiges und langlebiges Material<\/li>\n<li>Warmes und nat\u00fcrliches Aussehen<\/li>\n<\/ul>\n<ul>\n<li>5 Jahre Garantie<\/li>\n<\/ul>\n<ul>\n<li>Kostenloser Versand innerhalb der Niederlande<\/li>\n<\/ul>\n<p>Kommen Sie vorbei und sehen Sie sich einen Gro\u00dfteil unserer Kollektion <strong>live<\/strong> in unserem Ausstellungsraum an!<\/p>\n<p>Haben Sie eine Frage zu diesem Produkt? <a href=\"mailto:info@eliassen.nl\">Mailen Sie<\/a> uns und stellen Sie Ihre Frage.<\/p>\n","protected":false},"excerpt":{"rendered":"<p>Handbuch | Skizze Seien SieVideo ansehen Verwenden Sie diese Wasserschale, um die sch\u00f6nsten Wasserkreationen in Ihrem Garten zu schaffen. Platzierung direkt auf einem Gitter oder auf einem Sockel oder mehrere Schalen auf verschiedenen H\u00f6hen von S\u00e4ulen. Alles ist m\u00f6glich. Material: Stahl 4mm Sehr stark und widerstandsf\u00e4hig Schlankes und zeitloses Design Wetterbest\u00e4ndiges und langlebiges Material Warmes &hellip;<\/p>\n","protected":false},"featured_media":58771,"template":"","meta":{"_acf_changed":false,"_genesis_title":"","_genesis_description":""},"product_brand":[6920],"product_cat":[773,551,560,536],"product_tag":[],"class_list":["post-58804","product","type-product","status-publish","has-post-thumbnail","product_brand-adezz-de","product_cat-adezz-produkte","product_cat-lose-wasserspiele","product_cat-wasserschalen","product_cat-wassereigenschaften","first","onbackorder","taxable","shipping-taxable","purchasable","product-type-simple"],"acf":[],"meta_all":{"total_sales":"0","wcml_sync_hash":{"postmeta_fields":"3ad425b9feba6013a828c6cc78b8c3c8"},"attr_label_translations":[],"cor_restricted_countries":[]},"meta_all_flat":{"total_sales":"0","wcml_sync_hash.postmeta_fields":"3ad425b9feba6013a828c6cc78b8c3c8"},"yoast_head":"<!-- This site is optimized with the Yoast SEO Premium plugin v28.0 (Yoast SEO v28.3) - https:\/\/yoast.com\/product\/yoast-seo-premium-wordpress\/ -->\n<title>Adezz Wasserschale Cortenstahl 200x31cm<\/title>\n<meta name=\"robots\" content=\"index, follow, max-snippet:-1, max-image-preview:large, max-video-preview:-1\" \/>\n<link rel=\"canonical\" href=\"https:\/\/www.eliassen.nl\/de\/adezz-wasserschale-cortenstahl-200x31cm\/\" \/>\n<meta property=\"og:locale\" content=\"de_DE\" \/>\n<meta property=\"og:type\" content=\"article\" \/>\n<meta property=\"og:title\" content=\"Adezz Wasserschale Stahl Adezz 200x31cm - Eliassen.nl\" \/>\n<meta property=\"og:description\" content=\"Handbuch | Skizze Seien SieVideo ansehen Verwenden Sie diese Wasserschale, um die sch\u00f6nsten Wasserkreationen in Ihrem Garten zu schaffen. Platzierung direkt auf einem Gitter oder auf einem Sockel oder mehrere Schalen auf verschiedenen H\u00f6hen von S\u00e4ulen. Alles ist m\u00f6glich. Material: Stahl 4mm Sehr stark und widerstandsf\u00e4hig Schlankes und zeitloses Design Wetterbest\u00e4ndiges und langlebiges Material Warmes &hellip;\" \/>\n<meta property=\"og:url\" content=\"https:\/\/www.eliassen.nl\/de\/adezz-wasserschale-cortenstahl-200x31cm\/\" \/>\n<meta property=\"og:site_name\" content=\"Eliassen.nl\" \/>\n<meta property=\"article:publisher\" content=\"https:\/\/www.facebook.com\/TuincentrumEliassenAmmerzoden\" \/>\n<meta property=\"article:modified_time\" content=\"2026-04-21T15:10:20+00:00\" \/>\n<meta property=\"og:image\" content=\"https:\/\/www.eliassen.nl\/wp-content\/uploads\/2024\/01\/eliassenwaterschaalcortenstaal_45nd.jpg\" \/>\n\t<meta property=\"og:image:width\" content=\"699\" \/>\n\t<meta property=\"og:image:height\" content=\"699\" \/>\n\t<meta property=\"og:image:type\" content=\"image\/jpeg\" \/>\n<meta name=\"twitter:card\" content=\"summary_large_image\" \/>\n<script type=\"application\/ld+json\" class=\"yoast-schema-graph\">{\"@context\":\"https:\\\/\\\/schema.org\",\"@graph\":[{\"@type\":\"WebPage\",\"@id\":\"https:\\\/\\\/www.eliassen.nl\\\/de\\\/adezz-wasserschale-cortenstahl-200x31cm\\\/\",\"url\":\"https:\\\/\\\/www.eliassen.nl\\\/de\\\/adezz-wasserschale-cortenstahl-200x31cm\\\/\",\"name\":\"Adezz Wasserschale Cortenstahl 200x31cm\",\"isPartOf\":{\"@id\":\"https:\\\/\\\/www.eliassen.nl\\\/de\\\/#website\"},\"primaryImageOfPage\":{\"@id\":\"https:\\\/\\\/www.eliassen.nl\\\/de\\\/adezz-wasserschale-cortenstahl-200x31cm\\\/#primaryimage\"},\"image\":{\"@id\":\"https:\\\/\\\/www.eliassen.nl\\\/de\\\/adezz-wasserschale-cortenstahl-200x31cm\\\/#primaryimage\"},\"thumbnailUrl\":\"https:\\\/\\\/www.eliassen.nl\\\/wp-content\\\/uploads\\\/2024\\\/01\\\/eliassenwaterschaalcortenstaal_45nd.jpg\",\"datePublished\":\"2021-09-15T02:50:33+00:00\",\"dateModified\":\"2026-04-21T15:10:20+00:00\",\"breadcrumb\":{\"@id\":\"https:\\\/\\\/www.eliassen.nl\\\/de\\\/adezz-wasserschale-cortenstahl-200x31cm\\\/#breadcrumb\"},\"inLanguage\":\"de\",\"potentialAction\":[{\"@type\":\"ReadAction\",\"target\":[\"https:\\\/\\\/www.eliassen.nl\\\/de\\\/adezz-wasserschale-cortenstahl-200x31cm\\\/\"]}]},{\"@type\":\"ImageObject\",\"inLanguage\":\"de\",\"@id\":\"https:\\\/\\\/www.eliassen.nl\\\/de\\\/adezz-wasserschale-cortenstahl-200x31cm\\\/#primaryimage\",\"url\":\"https:\\\/\\\/www.eliassen.nl\\\/wp-content\\\/uploads\\\/2024\\\/01\\\/eliassenwaterschaalcortenstaal_45nd.jpg\",\"contentUrl\":\"https:\\\/\\\/www.eliassen.nl\\\/wp-content\\\/uploads\\\/2024\\\/01\\\/eliassenwaterschaalcortenstaal_45nd.jpg\",\"width\":699,\"height\":699,\"caption\":\"Eliassen Wassernapf Cortenstahl\"},{\"@type\":\"BreadcrumbList\",\"@id\":\"https:\\\/\\\/www.eliassen.nl\\\/de\\\/adezz-wasserschale-cortenstahl-200x31cm\\\/#breadcrumb\",\"itemListElement\":[{\"@type\":\"ListItem\",\"position\":1,\"name\":\"Home\",\"item\":\"https:\\\/\\\/www.eliassen.nl\\\/de\\\/\"},{\"@type\":\"ListItem\",\"position\":2,\"name\":\"Shop\",\"item\":\"https:\\\/\\\/www.eliassen.nl\\\/de\\\/shop\\\/\"},{\"@type\":\"ListItem\",\"position\":3,\"name\":\"Adezz-Produkte\",\"item\":\"https:\\\/\\\/www.eliassen.nl\\\/de\\\/adezz-produkte\\\/\"},{\"@type\":\"ListItem\",\"position\":4,\"name\":\"Wasserschale Stahl Adezz 200x31cm\"}]},{\"@type\":\"WebSite\",\"@id\":\"https:\\\/\\\/www.eliassen.nl\\\/de\\\/#website\",\"url\":\"https:\\\/\\\/www.eliassen.nl\\\/de\\\/\",\"name\":\"Eliassen Home & Garden Pleasure\",\"description\":\"\",\"publisher\":{\"@id\":\"https:\\\/\\\/www.eliassen.nl\\\/de\\\/#organization\"},\"alternateName\":\"Eliassen.nl\",\"potentialAction\":[{\"@type\":\"SearchAction\",\"target\":{\"@type\":\"EntryPoint\",\"urlTemplate\":\"https:\\\/\\\/www.eliassen.nl\\\/de\\\/?s={search_term_string}\"},\"query-input\":{\"@type\":\"PropertyValueSpecification\",\"valueRequired\":true,\"valueName\":\"search_term_string\"}}],\"inLanguage\":\"de\"},{\"@type\":[\"Organization\",\"Place\"],\"@id\":\"https:\\\/\\\/www.eliassen.nl\\\/de\\\/#organization\",\"name\":\"Eliassen Home & Garden Pleasure\",\"url\":\"https:\\\/\\\/www.eliassen.nl\\\/de\\\/\",\"logo\":{\"@id\":\"https:\\\/\\\/www.eliassen.nl\\\/de\\\/adezz-wasserschale-cortenstahl-200x31cm\\\/#local-main-organization-logo\"},\"image\":{\"@id\":\"https:\\\/\\\/www.eliassen.nl\\\/de\\\/adezz-wasserschale-cortenstahl-200x31cm\\\/#local-main-organization-logo\"},\"sameAs\":[\"https:\\\/\\\/www.facebook.com\\\/TuincentrumEliassenAmmerzoden\",\"https:\\\/\\\/www.instagram.com\\\/eliassenhomeandgarden\\\/\",\"https:\\\/\\\/nl.pinterest.com\\\/eliassenhomeandgarden\\\/\",\"https:\\\/\\\/www.youtube.com\\\/@eliassenhomegardenpleasure4558\"],\"telephone\":[],\"openingHoursSpecification\":[{\"@type\":\"OpeningHoursSpecification\",\"dayOfWeek\":[\"Monday\",\"Tuesday\",\"Wednesday\",\"Thursday\",\"Friday\",\"Saturday\",\"Sunday\"],\"opens\":\"09:00\",\"closes\":\"17:00\"}]},{\"@type\":\"ImageObject\",\"inLanguage\":\"de\",\"@id\":\"https:\\\/\\\/www.eliassen.nl\\\/de\\\/adezz-wasserschale-cortenstahl-200x31cm\\\/#local-main-organization-logo\",\"url\":\"https:\\\/\\\/www.eliassen.nl\\\/wp-content\\\/uploads\\\/2024\\\/01\\\/logo_4nd.jpg\",\"contentUrl\":\"https:\\\/\\\/www.eliassen.nl\\\/wp-content\\\/uploads\\\/2024\\\/01\\\/logo_4nd.jpg\",\"width\":500,\"height\":500,\"caption\":\"Eliassen Home & Garden Pleasure\"}]}<\/script>\n<meta property=\"product:price:amount\" content=\"1207.00\" \/>\n<meta property=\"product:price:currency\" content=\"EUR\" \/>\n<meta property=\"og:availability\" content=\"backorder\" \/>\n<meta property=\"product:availability\" content=\"available for order\" \/>\n<meta property=\"product:retailer_item_id\" content=\"Wns6\" \/>\n<meta property=\"product:condition\" content=\"new\" \/>\n<!-- \/ Yoast SEO Premium plugin. -->","yoast_head_json":{"title":"Adezz Wasserschale Cortenstahl 200x31cm","robots":{"index":"index","follow":"follow","max-snippet":"max-snippet:-1","max-image-preview":"max-image-preview:large","max-video-preview":"max-video-preview:-1"},"canonical":"https:\/\/www.eliassen.nl\/de\/adezz-wasserschale-cortenstahl-200x31cm\/","og_locale":"de_DE","og_type":"article","og_title":"Adezz Wasserschale Stahl Adezz 200x31cm - Eliassen.nl","og_description":"Handbuch | Skizze Seien SieVideo ansehen Verwenden Sie diese Wasserschale, um die sch\u00f6nsten Wasserkreationen in Ihrem Garten zu schaffen. Platzierung direkt auf einem Gitter oder auf einem Sockel oder mehrere Schalen auf verschiedenen H\u00f6hen von S\u00e4ulen. Alles ist m\u00f6glich. Material: Stahl 4mm Sehr stark und widerstandsf\u00e4hig Schlankes und zeitloses Design Wetterbest\u00e4ndiges und langlebiges Material Warmes &hellip;","og_url":"https:\/\/www.eliassen.nl\/de\/adezz-wasserschale-cortenstahl-200x31cm\/","og_site_name":"Eliassen.nl","article_publisher":"https:\/\/www.facebook.com\/TuincentrumEliassenAmmerzoden","article_modified_time":"2026-04-21T15:10:20+00:00","og_image":[{"width":699,"height":699,"url":"https:\/\/www.eliassen.nl\/wp-content\/uploads\/2024\/01\/eliassenwaterschaalcortenstaal_45nd.jpg","type":"image\/jpeg"}],"twitter_card":"summary_large_image","schema":{"@context":"https:\/\/schema.org","@graph":[{"@type":"WebPage","@id":"https:\/\/www.eliassen.nl\/de\/adezz-wasserschale-cortenstahl-200x31cm\/","url":"https:\/\/www.eliassen.nl\/de\/adezz-wasserschale-cortenstahl-200x31cm\/","name":"Adezz Wasserschale Cortenstahl 200x31cm","isPartOf":{"@id":"https:\/\/www.eliassen.nl\/de\/#website"},"primaryImageOfPage":{"@id":"https:\/\/www.eliassen.nl\/de\/adezz-wasserschale-cortenstahl-200x31cm\/#primaryimage"},"image":{"@id":"https:\/\/www.eliassen.nl\/de\/adezz-wasserschale-cortenstahl-200x31cm\/#primaryimage"},"thumbnailUrl":"https:\/\/www.eliassen.nl\/wp-content\/uploads\/2024\/01\/eliassenwaterschaalcortenstaal_45nd.jpg","datePublished":"2021-09-15T02:50:33+00:00","dateModified":"2026-04-21T15:10:20+00:00","breadcrumb":{"@id":"https:\/\/www.eliassen.nl\/de\/adezz-wasserschale-cortenstahl-200x31cm\/#breadcrumb"},"inLanguage":"de","potentialAction":[{"@type":"ReadAction","target":["https:\/\/www.eliassen.nl\/de\/adezz-wasserschale-cortenstahl-200x31cm\/"]}]},{"@type":"ImageObject","inLanguage":"de","@id":"https:\/\/www.eliassen.nl\/de\/adezz-wasserschale-cortenstahl-200x31cm\/#primaryimage","url":"https:\/\/www.eliassen.nl\/wp-content\/uploads\/2024\/01\/eliassenwaterschaalcortenstaal_45nd.jpg","contentUrl":"https:\/\/www.eliassen.nl\/wp-content\/uploads\/2024\/01\/eliassenwaterschaalcortenstaal_45nd.jpg","width":699,"height":699,"caption":"Eliassen Wassernapf Cortenstahl"},{"@type":"BreadcrumbList","@id":"https:\/\/www.eliassen.nl\/de\/adezz-wasserschale-cortenstahl-200x31cm\/#breadcrumb","itemListElement":[{"@type":"ListItem","position":1,"name":"Home","item":"https:\/\/www.eliassen.nl\/de\/"},{"@type":"ListItem","position":2,"name":"Shop","item":"https:\/\/www.eliassen.nl\/de\/shop\/"},{"@type":"ListItem","position":3,"name":"Adezz-Produkte","item":"https:\/\/www.eliassen.nl\/de\/adezz-produkte\/"},{"@type":"ListItem","position":4,"name":"Wasserschale Stahl Adezz 200x31cm"}]},{"@type":"WebSite","@id":"https:\/\/www.eliassen.nl\/de\/#website","url":"https:\/\/www.eliassen.nl\/de\/","name":"Eliassen Home & Garden Pleasure","description":"","publisher":{"@id":"https:\/\/www.eliassen.nl\/de\/#organization"},"alternateName":"Eliassen.nl","potentialAction":[{"@type":"SearchAction","target":{"@type":"EntryPoint","urlTemplate":"https:\/\/www.eliassen.nl\/de\/?s={search_term_string}"},"query-input":{"@type":"PropertyValueSpecification","valueRequired":true,"valueName":"search_term_string"}}],"inLanguage":"de"},{"@type":["Organization","Place"],"@id":"https:\/\/www.eliassen.nl\/de\/#organization","name":"Eliassen Home & Garden Pleasure","url":"https:\/\/www.eliassen.nl\/de\/","logo":{"@id":"https:\/\/www.eliassen.nl\/de\/adezz-wasserschale-cortenstahl-200x31cm\/#local-main-organization-logo"},"image":{"@id":"https:\/\/www.eliassen.nl\/de\/adezz-wasserschale-cortenstahl-200x31cm\/#local-main-organization-logo"},"sameAs":["https:\/\/www.facebook.com\/TuincentrumEliassenAmmerzoden","https:\/\/www.instagram.com\/eliassenhomeandgarden\/","https:\/\/nl.pinterest.com\/eliassenhomeandgarden\/","https:\/\/www.youtube.com\/@eliassenhomegardenpleasure4558"],"telephone":[],"openingHoursSpecification":[{"@type":"OpeningHoursSpecification","dayOfWeek":["Monday","Tuesday","Wednesday","Thursday","Friday","Saturday","Sunday"],"opens":"09:00","closes":"17:00"}]},{"@type":"ImageObject","inLanguage":"de","@id":"https:\/\/www.eliassen.nl\/de\/adezz-wasserschale-cortenstahl-200x31cm\/#local-main-organization-logo","url":"https:\/\/www.eliassen.nl\/wp-content\/uploads\/2024\/01\/logo_4nd.jpg","contentUrl":"https:\/\/www.eliassen.nl\/wp-content\/uploads\/2024\/01\/logo_4nd.jpg","width":500,"height":500,"caption":"Eliassen Home & Garden Pleasure"}]},"product_price_amount":"1207.00","product_price_currency":"EUR","og_availability":"backorder","product_availability":"available for order","product_retailer_item_id":"Wns6","product_condition":"new"},"df_price":1207,"df_sale_price":"","df_regular_price":1207,"df_image_link":"https:\/\/www.eliassen.nl\/wp-content\/uploads\/2024\/01\/eliassenwaterschaalcortenstaal_45nd.jpg","image":"https:\/\/www.eliassen.nl\/wp-content\/uploads\/2024\/01\/eliassenwaterschaalcortenstaal_45nd.jpg","price_search":"<span class=\"woocommerce-Price-amount amount\"><bdi><span class=\"woocommerce-Price-currencySymbol\" translate=\"no\">&euro;<\/span>&nbsp;1.207,00<\/bdi><\/span>","category":"Adezz-Produkte","global_unique_id":"6096517612625","_links":{"self":[{"href":"https:\/\/www.eliassen.nl\/de\/wp-json\/wp\/v2\/product\/58804","targetHints":{"allow":["GET"]}}],"collection":[{"href":"https:\/\/www.eliassen.nl\/de\/wp-json\/wp\/v2\/product"}],"about":[{"href":"https:\/\/www.eliassen.nl\/de\/wp-json\/wp\/v2\/types\/product"}],"wp:featuredmedia":[{"embeddable":true,"href":"https:\/\/www.eliassen.nl\/de\/wp-json\/wp\/v2\/media\/58771"}],"wp:attachment":[{"href":"https:\/\/www.eliassen.nl\/de\/wp-json\/wp\/v2\/media?parent=58804"}],"wp:term":[{"taxonomy":"product_brand","embeddable":true,"href":"https:\/\/www.eliassen.nl\/de\/wp-json\/wp\/v2\/product_brand?post=58804"},{"taxonomy":"product_cat","embeddable":true,"href":"https:\/\/www.eliassen.nl\/de\/wp-json\/wp\/v2\/product_cat?post=58804"},{"taxonomy":"product_tag","embeddable":true,"href":"https:\/\/www.eliassen.nl\/de\/wp-json\/wp\/v2\/product_tag?post=58804"}],"curies":[{"name":"wp","href":"https:\/\/api.w.org\/{rel}","templated":true}]}}