{"id":26011,"date":"2020-10-30T09:20:57","date_gmt":"2020-10-30T08:20:57","guid":{"rendered":"https:\/\/www.eliassen.nl\/?product=glasschilderij-80x120-cm-leeuwenkop"},"modified":"2026-01-14T15:41:53","modified_gmt":"2026-01-14T14:41:53","slug":"glasmalerei-80x120-cm-lowenkopf","status":"publish","type":"product","link":"https:\/\/www.eliassen.nl\/de\/glasmalerei-80x120-cm-lowenkopf\/","title":{"rendered":"Glasmalerei L\u00f6wenkopf schwarz und wei\u00df 80x120cm"},"content":{"rendered":"<p>Diese Glasplatte als Gem\u00e4lde aus geh\u00e4rtetem Glas mit den Ma\u00dfen 80x120cm ist eine sehr sch\u00f6ne Wanddekoration f\u00fcr jede moderne Einrichtung in Ihrem Haus oder Gesch\u00e4ft. Dieses Modell, das einen L\u00f6wenkopf darstellt, ist rasiermesserscharf. Da das Foto auf der R\u00fcckseite auf das 4 mm dicke Glas gebrannt wird, erh\u00e4lt diese Wanddekoration einen sch\u00f6nen Glanz.<br \/>\n<strong>Wir haben fast die gesamte Kollektion dieses Webshops (allein mehr als 400 Glasgem\u00e4lde) in unserem Gesch\u00e4ft vorr\u00e4tig, was in den Niederlanden einzigartig ist !!!<\/strong><\/p>\n<ul>\n<li>  Gr\u00f6\u00dfe 80 x 120 cm.<\/li>\n<li>  Schnelle Lieferung.<\/li>\n<li>  Praktisch unzerbrechlich.<\/li>\n<li>  Superscharfes Bild.<\/li>\n<li>  4 mm dickes geh\u00e4rtetes Glas.<\/li>\n<li>  Praktisch unempfindlich gegen Kratzer.<\/li>\n<li>  Mit 2 Haken zum einfachen Aufh\u00e4ngen.<\/li>\n<\/ul>\n","protected":false},"excerpt":{"rendered":"<p>Diese Glasplatte als Gem\u00e4lde aus geh\u00e4rtetem Glas mit den Ma\u00dfen 80x120cm ist eine sehr sch\u00f6ne Wanddekoration f\u00fcr jede moderne Einrichtung in Ihrem Haus oder Gesch\u00e4ft. Dieses Modell, das einen L\u00f6wenkopf darstellt, ist rasiermesserscharf. Da das Foto auf der R\u00fcckseite auf das 4 mm dicke Glas gebrannt wird, erh\u00e4lt diese Wanddekoration einen sch\u00f6nen Glanz. Wir haben &hellip;<\/p>\n","protected":false},"featured_media":26008,"template":"","meta":{"_acf_changed":false,"_genesis_title":"","_genesis_description":""},"product_brand":[7505],"product_cat":[410,455,443],"product_tag":[],"class_list":{"0":"post-26011","1":"product","2":"type-product","3":"status-publish","4":"has-post-thumbnail","6":"product_brand-sonstige","7":"product_cat-gemaelde","8":"product_cat-glasmalerei-im-format-80x120cm","9":"product_cat-glasmalereien","11":"first","12":"instock","13":"sale","14":"taxable","15":"shipping-taxable","16":"purchasable","17":"product-type-simple"},"acf":[],"meta_all":{"total_sales":"0","wcml_sync_hash":{"postmeta_fields":"0929a17e24552fe7a4714edb534e633a"},"attr_label_translations":[],"cor_restricted_countries":[]},"meta_all_flat":{"total_sales":"0","wcml_sync_hash.postmeta_fields":"0929a17e24552fe7a4714edb534e633a"},"yoast_head":"<!-- This site is optimized with the Yoast SEO Premium plugin v26.2 (Yoast SEO v27.2) - https:\/\/yoast.com\/product\/yoast-seo-premium-wordpress\/ -->\n<title>Glasgem\u00e4lde 80x120 cm. L\u00f6wenkopf<\/title>\n<meta name=\"description\" content=\"Suchen Sie ein Glasgem\u00e4lde? Bestellen Sie jetzt Glasmalerei L\u00f6wenkopf. Kaufen Sie Gem\u00e4lde einfach auf unserer Website. Gro\u00dfe Auswahl \u2713 Schnelle Lieferung\" \/>\n<meta name=\"robots\" content=\"index, follow, max-snippet:-1, max-image-preview:large, max-video-preview:-1\" \/>\n<link rel=\"canonical\" href=\"https:\/\/www.eliassen.nl\/de\/glasmalerei-80x120-cm-lowenkopf\/\" \/>\n<meta property=\"og:locale\" content=\"de_DE\" \/>\n<meta property=\"og:type\" content=\"article\" \/>\n<meta property=\"og:title\" content=\"Sonstige Glasmalerei L\u00f6wenkopf schwarz und wei\u00df 80x120cm - Eliassen.nl\" \/>\n<meta property=\"og:description\" content=\"Suchen Sie ein Glasgem\u00e4lde? Bestellen Sie jetzt Glasmalerei L\u00f6wenkopf. Kaufen Sie Gem\u00e4lde einfach auf unserer Website. Gro\u00dfe Auswahl \u2713 Schnelle Lieferung\" \/>\n<meta property=\"og:url\" content=\"https:\/\/www.eliassen.nl\/de\/glasmalerei-80x120-cm-lowenkopf\/\" \/>\n<meta property=\"og:site_name\" content=\"Eliassen.nl\" \/>\n<meta property=\"article:publisher\" content=\"https:\/\/www.facebook.com\/TuincentrumEliassenAmmerzoden\" \/>\n<meta property=\"article:modified_time\" content=\"2026-01-14T14:41:53+00:00\" \/>\n<meta property=\"og:image\" content=\"https:\/\/www.eliassen.nl\/wp-content\/uploads\/2024\/01\/eliassenglasschilderij80x120cmleeuwenkop.jpg\" \/>\n\t<meta property=\"og:image:width\" content=\"1200\" \/>\n\t<meta property=\"og:image:height\" content=\"800\" \/>\n\t<meta property=\"og:image:type\" content=\"image\/jpeg\" \/>\n<meta name=\"twitter:card\" content=\"summary_large_image\" \/>\n<script type=\"application\/ld+json\" class=\"yoast-schema-graph\">{\"@context\":\"https:\/\/schema.org\",\"@graph\":[{\"@type\":\"WebPage\",\"@id\":\"https:\/\/www.eliassen.nl\/de\/glasmalerei-80x120-cm-lowenkopf\/\",\"url\":\"https:\/\/www.eliassen.nl\/de\/glasmalerei-80x120-cm-lowenkopf\/\",\"name\":\"Glasgem\u00e4lde 80x120 cm. L\u00f6wenkopf\",\"isPartOf\":{\"@id\":\"https:\/\/www.eliassen.nl\/de\/#website\"},\"primaryImageOfPage\":{\"@id\":\"https:\/\/www.eliassen.nl\/de\/glasmalerei-80x120-cm-lowenkopf\/#primaryimage\"},\"image\":{\"@id\":\"https:\/\/www.eliassen.nl\/de\/glasmalerei-80x120-cm-lowenkopf\/#primaryimage\"},\"thumbnailUrl\":\"https:\/\/www.eliassen.nl\/wp-content\/uploads\/2024\/01\/eliassenglasschilderij80x120cmleeuwenkop.jpg\",\"datePublished\":\"2020-10-30T08:20:57+00:00\",\"dateModified\":\"2026-01-14T14:41:53+00:00\",\"description\":\"Suchen Sie ein Glasgem\u00e4lde? Bestellen Sie jetzt Glasmalerei L\u00f6wenkopf. Kaufen Sie Gem\u00e4lde einfach auf unserer Website. Gro\u00dfe Auswahl \u2713 Schnelle Lieferung\",\"breadcrumb\":{\"@id\":\"https:\/\/www.eliassen.nl\/de\/glasmalerei-80x120-cm-lowenkopf\/#breadcrumb\"},\"inLanguage\":\"de\",\"potentialAction\":[{\"@type\":\"ReadAction\",\"target\":[\"https:\/\/www.eliassen.nl\/de\/glasmalerei-80x120-cm-lowenkopf\/\"]}]},{\"@type\":\"ImageObject\",\"inLanguage\":\"de\",\"@id\":\"https:\/\/www.eliassen.nl\/de\/glasmalerei-80x120-cm-lowenkopf\/#primaryimage\",\"url\":\"https:\/\/www.eliassen.nl\/wp-content\/uploads\/2024\/01\/eliassenglasschilderij80x120cmleeuwenkop.jpg\",\"contentUrl\":\"https:\/\/www.eliassen.nl\/wp-content\/uploads\/2024\/01\/eliassenglasschilderij80x120cmleeuwenkop.jpg\",\"width\":1200,\"height\":800,\"caption\":\"Eliassen Glasgem\u00e4lde 80x120 cm. L\u00f6wenkopf\"},{\"@type\":\"BreadcrumbList\",\"@id\":\"https:\/\/www.eliassen.nl\/de\/glasmalerei-80x120-cm-lowenkopf\/#breadcrumb\",\"itemListElement\":[{\"@type\":\"ListItem\",\"position\":1,\"name\":\"Home\",\"item\":\"https:\/\/www.eliassen.nl\/de\/\"},{\"@type\":\"ListItem\",\"position\":2,\"name\":\"Shop\",\"item\":\"https:\/\/www.eliassen.nl\/de\/shop\/\"},{\"@type\":\"ListItem\",\"position\":3,\"name\":\"Glasmalereien\",\"item\":\"https:\/\/www.eliassen.nl\/de\/gemaelde\/glasmalereien\/\"},{\"@type\":\"ListItem\",\"position\":4,\"name\":\"Glasmalerei im Format 80x120cm\",\"item\":\"https:\/\/www.eliassen.nl\/de\/gemaelde\/glasmalereien\/glasmalerei-im-format-80x120cm\/\"},{\"@type\":\"ListItem\",\"position\":5,\"name\":\"Glasmalerei L\u00f6wenkopf schwarz und wei\u00df 80x120cm\"}]},{\"@type\":\"WebSite\",\"@id\":\"https:\/\/www.eliassen.nl\/de\/#website\",\"url\":\"https:\/\/www.eliassen.nl\/de\/\",\"name\":\"Eliassen Home & Garden Pleasure\",\"description\":\"\",\"publisher\":{\"@id\":\"https:\/\/www.eliassen.nl\/de\/#organization\"},\"alternateName\":\"Eliassen.nl\",\"potentialAction\":[{\"@type\":\"SearchAction\",\"target\":{\"@type\":\"EntryPoint\",\"urlTemplate\":\"https:\/\/www.eliassen.nl\/de\/?s={search_term_string}\"},\"query-input\":{\"@type\":\"PropertyValueSpecification\",\"valueRequired\":true,\"valueName\":\"search_term_string\"}}],\"inLanguage\":\"de\"},{\"@type\":[\"Organization\",\"Place\"],\"@id\":\"https:\/\/www.eliassen.nl\/de\/#organization\",\"name\":\"Eliassen Home & Garden Pleasure\",\"url\":\"https:\/\/www.eliassen.nl\/de\/\",\"logo\":{\"@id\":\"https:\/\/www.eliassen.nl\/de\/glasmalerei-80x120-cm-lowenkopf\/#local-main-organization-logo\"},\"image\":{\"@id\":\"https:\/\/www.eliassen.nl\/de\/glasmalerei-80x120-cm-lowenkopf\/#local-main-organization-logo\"},\"sameAs\":[\"https:\/\/www.facebook.com\/TuincentrumEliassenAmmerzoden\",\"https:\/\/www.instagram.com\/eliassenhomeandgarden\/\",\"https:\/\/nl.pinterest.com\/eliassenhomeandgarden\/\",\"https:\/\/www.youtube.com\/@eliassenhomegardenpleasure4558\"],\"telephone\":[],\"openingHoursSpecification\":[{\"@type\":\"OpeningHoursSpecification\",\"dayOfWeek\":[\"Monday\",\"Tuesday\",\"Wednesday\",\"Thursday\",\"Friday\",\"Saturday\",\"Sunday\"],\"opens\":\"09:00\",\"closes\":\"17:00\"}]},{\"@type\":\"ImageObject\",\"inLanguage\":\"de\",\"@id\":\"https:\/\/www.eliassen.nl\/de\/glasmalerei-80x120-cm-lowenkopf\/#local-main-organization-logo\",\"url\":\"https:\/\/www.eliassen.nl\/wp-content\/uploads\/2024\/01\/logo_4nd.jpg\",\"contentUrl\":\"https:\/\/www.eliassen.nl\/wp-content\/uploads\/2024\/01\/logo_4nd.jpg\",\"width\":500,\"height\":500,\"caption\":\"Eliassen Home & Garden Pleasure\"}]}<\/script>\n<meta property=\"product:price:amount\" content=\"109.00\" \/>\n<meta property=\"product:price:currency\" content=\"EUR\" \/>\n<meta property=\"og:availability\" content=\"instock\" \/>\n<meta property=\"product:availability\" content=\"instock\" \/>\n<meta property=\"product:retailer_item_id\" content=\"S004\" \/>\n<meta property=\"product:condition\" content=\"new\" \/>\n<!-- \/ Yoast SEO Premium plugin. -->","yoast_head_json":{"title":"Glasgem\u00e4lde 80x120 cm. L\u00f6wenkopf","description":"Suchen Sie ein Glasgem\u00e4lde? Bestellen Sie jetzt Glasmalerei L\u00f6wenkopf. Kaufen Sie Gem\u00e4lde einfach auf unserer Website. Gro\u00dfe Auswahl \u2713 Schnelle Lieferung","robots":{"index":"index","follow":"follow","max-snippet":"max-snippet:-1","max-image-preview":"max-image-preview:large","max-video-preview":"max-video-preview:-1"},"canonical":"https:\/\/www.eliassen.nl\/de\/glasmalerei-80x120-cm-lowenkopf\/","og_locale":"de_DE","og_type":"article","og_title":"Sonstige Glasmalerei L\u00f6wenkopf schwarz und wei\u00df 80x120cm - Eliassen.nl","og_description":"Suchen Sie ein Glasgem\u00e4lde? Bestellen Sie jetzt Glasmalerei L\u00f6wenkopf. Kaufen Sie Gem\u00e4lde einfach auf unserer Website. Gro\u00dfe Auswahl \u2713 Schnelle Lieferung","og_url":"https:\/\/www.eliassen.nl\/de\/glasmalerei-80x120-cm-lowenkopf\/","og_site_name":"Eliassen.nl","article_publisher":"https:\/\/www.facebook.com\/TuincentrumEliassenAmmerzoden","article_modified_time":"2026-01-14T14:41:53+00:00","og_image":[{"width":1200,"height":800,"url":"https:\/\/www.eliassen.nl\/wp-content\/uploads\/2024\/01\/eliassenglasschilderij80x120cmleeuwenkop.jpg","type":"image\/jpeg"}],"twitter_card":"summary_large_image","schema":{"@context":"https:\/\/schema.org","@graph":[{"@type":"WebPage","@id":"https:\/\/www.eliassen.nl\/de\/glasmalerei-80x120-cm-lowenkopf\/","url":"https:\/\/www.eliassen.nl\/de\/glasmalerei-80x120-cm-lowenkopf\/","name":"Glasgem\u00e4lde 80x120 cm. L\u00f6wenkopf","isPartOf":{"@id":"https:\/\/www.eliassen.nl\/de\/#website"},"primaryImageOfPage":{"@id":"https:\/\/www.eliassen.nl\/de\/glasmalerei-80x120-cm-lowenkopf\/#primaryimage"},"image":{"@id":"https:\/\/www.eliassen.nl\/de\/glasmalerei-80x120-cm-lowenkopf\/#primaryimage"},"thumbnailUrl":"https:\/\/www.eliassen.nl\/wp-content\/uploads\/2024\/01\/eliassenglasschilderij80x120cmleeuwenkop.jpg","datePublished":"2020-10-30T08:20:57+00:00","dateModified":"2026-01-14T14:41:53+00:00","description":"Suchen Sie ein Glasgem\u00e4lde? Bestellen Sie jetzt Glasmalerei L\u00f6wenkopf. Kaufen Sie Gem\u00e4lde einfach auf unserer Website. Gro\u00dfe Auswahl \u2713 Schnelle Lieferung","breadcrumb":{"@id":"https:\/\/www.eliassen.nl\/de\/glasmalerei-80x120-cm-lowenkopf\/#breadcrumb"},"inLanguage":"de","potentialAction":[{"@type":"ReadAction","target":["https:\/\/www.eliassen.nl\/de\/glasmalerei-80x120-cm-lowenkopf\/"]}]},{"@type":"ImageObject","inLanguage":"de","@id":"https:\/\/www.eliassen.nl\/de\/glasmalerei-80x120-cm-lowenkopf\/#primaryimage","url":"https:\/\/www.eliassen.nl\/wp-content\/uploads\/2024\/01\/eliassenglasschilderij80x120cmleeuwenkop.jpg","contentUrl":"https:\/\/www.eliassen.nl\/wp-content\/uploads\/2024\/01\/eliassenglasschilderij80x120cmleeuwenkop.jpg","width":1200,"height":800,"caption":"Eliassen Glasgem\u00e4lde 80x120 cm. L\u00f6wenkopf"},{"@type":"BreadcrumbList","@id":"https:\/\/www.eliassen.nl\/de\/glasmalerei-80x120-cm-lowenkopf\/#breadcrumb","itemListElement":[{"@type":"ListItem","position":1,"name":"Home","item":"https:\/\/www.eliassen.nl\/de\/"},{"@type":"ListItem","position":2,"name":"Shop","item":"https:\/\/www.eliassen.nl\/de\/shop\/"},{"@type":"ListItem","position":3,"name":"Glasmalereien","item":"https:\/\/www.eliassen.nl\/de\/gemaelde\/glasmalereien\/"},{"@type":"ListItem","position":4,"name":"Glasmalerei im Format 80x120cm","item":"https:\/\/www.eliassen.nl\/de\/gemaelde\/glasmalereien\/glasmalerei-im-format-80x120cm\/"},{"@type":"ListItem","position":5,"name":"Glasmalerei L\u00f6wenkopf schwarz und wei\u00df 80x120cm"}]},{"@type":"WebSite","@id":"https:\/\/www.eliassen.nl\/de\/#website","url":"https:\/\/www.eliassen.nl\/de\/","name":"Eliassen Home & Garden Pleasure","description":"","publisher":{"@id":"https:\/\/www.eliassen.nl\/de\/#organization"},"alternateName":"Eliassen.nl","potentialAction":[{"@type":"SearchAction","target":{"@type":"EntryPoint","urlTemplate":"https:\/\/www.eliassen.nl\/de\/?s={search_term_string}"},"query-input":{"@type":"PropertyValueSpecification","valueRequired":true,"valueName":"search_term_string"}}],"inLanguage":"de"},{"@type":["Organization","Place"],"@id":"https:\/\/www.eliassen.nl\/de\/#organization","name":"Eliassen Home & Garden Pleasure","url":"https:\/\/www.eliassen.nl\/de\/","logo":{"@id":"https:\/\/www.eliassen.nl\/de\/glasmalerei-80x120-cm-lowenkopf\/#local-main-organization-logo"},"image":{"@id":"https:\/\/www.eliassen.nl\/de\/glasmalerei-80x120-cm-lowenkopf\/#local-main-organization-logo"},"sameAs":["https:\/\/www.facebook.com\/TuincentrumEliassenAmmerzoden","https:\/\/www.instagram.com\/eliassenhomeandgarden\/","https:\/\/nl.pinterest.com\/eliassenhomeandgarden\/","https:\/\/www.youtube.com\/@eliassenhomegardenpleasure4558"],"telephone":[],"openingHoursSpecification":[{"@type":"OpeningHoursSpecification","dayOfWeek":["Monday","Tuesday","Wednesday","Thursday","Friday","Saturday","Sunday"],"opens":"09:00","closes":"17:00"}]},{"@type":"ImageObject","inLanguage":"de","@id":"https:\/\/www.eliassen.nl\/de\/glasmalerei-80x120-cm-lowenkopf\/#local-main-organization-logo","url":"https:\/\/www.eliassen.nl\/wp-content\/uploads\/2024\/01\/logo_4nd.jpg","contentUrl":"https:\/\/www.eliassen.nl\/wp-content\/uploads\/2024\/01\/logo_4nd.jpg","width":500,"height":500,"caption":"Eliassen Home & Garden Pleasure"}]},"product_price_amount":"109.00","product_price_currency":"EUR","og_availability":"instock","product_availability":"instock","product_retailer_item_id":"S004","product_condition":"new"},"df_price":109,"df_sale_price":109,"df_regular_price":139,"df_image_link":"https:\/\/www.eliassen.nl\/wp-content\/uploads\/2024\/01\/eliassenglasschilderij80x120cmleeuwenkop.jpg","image":"https:\/\/www.eliassen.nl\/wp-content\/uploads\/2024\/01\/eliassenglasschilderij80x120cmleeuwenkop.jpg","price_search":"<span class=\"woocommerce-Price-amount amount\"><bdi><span class=\"woocommerce-Price-currencySymbol\">&euro;<\/span>&nbsp;109,00<\/bdi><\/span>","category":"Gem\u00e4lde","global_unique_id":"9506471913432","_links":{"self":[{"href":"https:\/\/www.eliassen.nl\/de\/wp-json\/wp\/v2\/product\/26011","targetHints":{"allow":["GET"]}}],"collection":[{"href":"https:\/\/www.eliassen.nl\/de\/wp-json\/wp\/v2\/product"}],"about":[{"href":"https:\/\/www.eliassen.nl\/de\/wp-json\/wp\/v2\/types\/product"}],"wp:featuredmedia":[{"embeddable":true,"href":"https:\/\/www.eliassen.nl\/de\/wp-json\/wp\/v2\/media\/26008"}],"wp:attachment":[{"href":"https:\/\/www.eliassen.nl\/de\/wp-json\/wp\/v2\/media?parent=26011"}],"wp:term":[{"taxonomy":"product_brand","embeddable":true,"href":"https:\/\/www.eliassen.nl\/de\/wp-json\/wp\/v2\/product_brand?post=26011"},{"taxonomy":"product_cat","embeddable":true,"href":"https:\/\/www.eliassen.nl\/de\/wp-json\/wp\/v2\/product_cat?post=26011"},{"taxonomy":"product_tag","embeddable":true,"href":"https:\/\/www.eliassen.nl\/de\/wp-json\/wp\/v2\/product_tag?post=26011"}],"curies":[{"name":"wp","href":"https:\/\/api.w.org\/{rel}","templated":true}]}}