{"id":212080,"date":"2026-04-17T14:27:06","date_gmt":"2026-04-17T12:27:06","guid":{"rendered":"https:\/\/www.eliassen.nl\/product\/korb-mit-klappe-rattan-grau-75cm\/"},"modified":"2026-04-21T18:49:17","modified_gmt":"2026-04-21T16:49:17","slug":"korb-mit-klappe-rattan-grau-75cm","status":"publish","type":"product","link":"https:\/\/www.eliassen.nl\/de\/product\/korb-mit-klappe-rattan-grau-75cm\/","title":{"rendered":"Korb mit Klappe Rattan grau 75cm"},"content":{"rendered":"<p data-path-to-node=\"1\"><strong>Bitte \u00fcberpr\u00fcfen Sie die von Ihnen gew\u00e4hlte Korbgr\u00f6\u00dfe. Die Ma\u00dfe sind Au\u00dfenma\u00dfe! Wenden Sie sich im Zweifelsfall an uns.<\/strong><\/p>\n<p data-path-to-node=\"1\">Verleihen Sie Ihrer Einrichtung einen rustikalen und aufger\u00e4umten Look mit diesem stilvollen Rattankorb mit Klappe und Griffen. Diese Aufbewahrungstruhe besteht aus hochwertigem Rattan in einem attraktiven Grauton, das um einen Eisenrahmen geflochten ist. So entsteht ein nat\u00fcrlicher und zeitloser Look, der in fast jedem Raum gut zur Geltung kommt. Die praktische Klappe erm\u00f6glicht es Ihnen, Gegenst\u00e4nde wie Plaids, Spielzeug oder Zeitschriften ordentlich au\u00dfer Sicht zu verstauen, w\u00e4hrend die stabilen Griffe an den Seiten das Bewegen des Korbs erleichtern.<\/p>\n<p data-path-to-node=\"2\">Mit den Ma\u00dfen 75x45x42 cm ist dieser Korb kompakt genug f\u00fcr kleinere Ecken, bietet Ihnen aber dennoch viel Stauraum. Das Flechtwerk ist sorgf\u00e4ltig verarbeitet und entspricht der Qualit\u00e4t, die Sie von Eliassen gewohnt sind. Ganz gleich, ob Sie den Korb im Wohnzimmer, im Schlafzimmer oder im Flur aufstellen, er ist ein funktionelles Dekorationsst\u00fcck, das Ihrem Zuhause sofort W\u00e4rme und Charakter verleiht.<\/p>\n","protected":false},"excerpt":{"rendered":"<p>Dieser 75x45x42 cm gro\u00dfe rechteckige graue Rattankorb verf\u00fcgt \u00fcber eine praktische Klappe und stabile Griffe f\u00fcr optimalen Komfort. Das nat\u00fcrliche Material und der rustikale graue Farbton machen ihn zu einer idealen Aufbewahrungsl\u00f6sung, die perfekt in eine l\u00e4ndliche oder moderne Einrichtung passt. Eine stimmungsvolle Erg\u00e4nzung f\u00fcr die Aufbewahrung verschiedener Wohnaccessoires.<\/p>\n","protected":false},"featured_media":204118,"template":"","meta":{"_acf_changed":false,"_genesis_title":"","_genesis_description":""},"product_brand":[7505],"product_cat":[722,1418],"product_tag":[],"class_list":{"0":"post-212080","1":"product","2":"type-product","3":"status-publish","4":"has-post-thumbnail","6":"product_brand-sonstige","7":"product_cat-blumentoepfe-und-pflanzgefaesse","8":"product_cat-koerbe-aus-rattan","10":"first","11":"instock","12":"taxable","13":"shipping-taxable","14":"purchasable","15":"product-type-simple"},"acf":[],"meta_all":{"cor_restricted_countries":[],"total_sales":"1"},"meta_all_flat":{"total_sales":"1"},"yoast_head":"<!-- This site is optimized with the Yoast SEO Premium plugin v26.2 (Yoast SEO v27.2) - https:\/\/yoast.com\/product\/yoast-seo-premium-wordpress\/ -->\n<title>Sonstige Korb mit Klappe Rattan grau 75cm - Eliassen.nl<\/title>\n<meta name=\"description\" content=\"Grauer Rattankorb mit Klappe (75x45x42cm). Stilvolle und praktische Aufbewahrungstruhe mit Griffen, ideal f\u00fcr eine aufger\u00e4umte und attraktive Landhauseinrichtung.\" \/>\n<meta name=\"robots\" content=\"index, follow, max-snippet:-1, max-image-preview:large, max-video-preview:-1\" \/>\n<link rel=\"canonical\" href=\"https:\/\/www.eliassen.nl\/de\/product\/korb-mit-klappe-rattan-grau-75cm\/\" \/>\n<meta property=\"og:locale\" content=\"de_DE\" \/>\n<meta property=\"og:type\" content=\"article\" \/>\n<meta property=\"og:title\" content=\"Sonstige Korb mit Klappe Rattan grau 75cm - Eliassen.nl\" \/>\n<meta property=\"og:description\" content=\"Grauer Rattankorb mit Klappe (75x45x42cm). Stilvolle und praktische Aufbewahrungstruhe mit Griffen, ideal f\u00fcr eine aufger\u00e4umte und attraktive Landhauseinrichtung.\" \/>\n<meta property=\"og:url\" content=\"https:\/\/www.eliassen.nl\/de\/product\/korb-mit-klappe-rattan-grau-75cm\/\" \/>\n<meta property=\"og:site_name\" content=\"Eliassen.nl\" \/>\n<meta property=\"article:publisher\" content=\"https:\/\/www.facebook.com\/TuincentrumEliassenAmmerzoden\" \/>\n<meta property=\"article:modified_time\" content=\"2026-04-21T16:49:17+00:00\" \/>\n<meta property=\"og:image\" content=\"https:\/\/www.eliassen.nl\/wp-content\/uploads\/2026\/01\/Mand-met-deksel-rotan-groot-Eliassen.nl-800008C-scaled.jpg\" \/>\n\t<meta property=\"og:image:width\" content=\"2560\" \/>\n\t<meta property=\"og:image:height\" content=\"1706\" \/>\n\t<meta property=\"og:image:type\" content=\"image\/jpeg\" \/>\n<meta name=\"twitter:card\" content=\"summary_large_image\" \/>\n<script type=\"application\/ld+json\" class=\"yoast-schema-graph\">{\"@context\":\"https:\/\/schema.org\",\"@graph\":[{\"@type\":\"WebPage\",\"@id\":\"https:\/\/www.eliassen.nl\/de\/product\/korb-mit-klappe-rattan-grau-75cm\/\",\"url\":\"https:\/\/www.eliassen.nl\/de\/product\/korb-mit-klappe-rattan-grau-75cm\/\",\"name\":\"Sonstige Korb mit Klappe Rattan grau 75cm - Eliassen.nl\",\"isPartOf\":{\"@id\":\"https:\/\/www.eliassen.nl\/de\/#website\"},\"primaryImageOfPage\":{\"@id\":\"https:\/\/www.eliassen.nl\/de\/product\/korb-mit-klappe-rattan-grau-75cm\/#primaryimage\"},\"image\":{\"@id\":\"https:\/\/www.eliassen.nl\/de\/product\/korb-mit-klappe-rattan-grau-75cm\/#primaryimage\"},\"thumbnailUrl\":\"https:\/\/www.eliassen.nl\/wp-content\/uploads\/2026\/01\/Mand-met-deksel-rotan-groot-Eliassen.nl-800008C-scaled.jpg\",\"datePublished\":\"2026-04-17T12:27:06+00:00\",\"dateModified\":\"2026-04-21T16:49:17+00:00\",\"description\":\"Grauer Rattankorb mit Klappe (75x45x42cm). Stilvolle und praktische Aufbewahrungstruhe mit Griffen, ideal f\u00fcr eine aufger\u00e4umte und attraktive Landhauseinrichtung.\",\"breadcrumb\":{\"@id\":\"https:\/\/www.eliassen.nl\/de\/product\/korb-mit-klappe-rattan-grau-75cm\/#breadcrumb\"},\"inLanguage\":\"de\",\"potentialAction\":[{\"@type\":\"ReadAction\",\"target\":[\"https:\/\/www.eliassen.nl\/de\/product\/korb-mit-klappe-rattan-grau-75cm\/\"]}]},{\"@type\":\"ImageObject\",\"inLanguage\":\"de\",\"@id\":\"https:\/\/www.eliassen.nl\/de\/product\/korb-mit-klappe-rattan-grau-75cm\/#primaryimage\",\"url\":\"https:\/\/www.eliassen.nl\/wp-content\/uploads\/2026\/01\/Mand-met-deksel-rotan-groot-Eliassen.nl-800008C-scaled.jpg\",\"contentUrl\":\"https:\/\/www.eliassen.nl\/wp-content\/uploads\/2026\/01\/Mand-met-deksel-rotan-groot-Eliassen.nl-800008C-scaled.jpg\",\"width\":2560,\"height\":1706,\"caption\":\"Korb mit Deckel Rattan gro\u00df 75cm - Eliassen.nl\"},{\"@type\":\"BreadcrumbList\",\"@id\":\"https:\/\/www.eliassen.nl\/de\/product\/korb-mit-klappe-rattan-grau-75cm\/#breadcrumb\",\"itemListElement\":[{\"@type\":\"ListItem\",\"position\":1,\"name\":\"Home\",\"item\":\"https:\/\/www.eliassen.nl\/de\/\"},{\"@type\":\"ListItem\",\"position\":2,\"name\":\"Shop\",\"item\":\"https:\/\/www.eliassen.nl\/de\/shop\/\"},{\"@type\":\"ListItem\",\"position\":3,\"name\":\"Blument\u00f6pfe und Pflanzgef\u00e4\u00dfe\",\"item\":\"https:\/\/www.eliassen.nl\/de\/blumentoepfe-und-pflanzgefaesse\/\"},{\"@type\":\"ListItem\",\"position\":4,\"name\":\"Korb mit Klappe Rattan grau 75cm\"}]},{\"@type\":\"WebSite\",\"@id\":\"https:\/\/www.eliassen.nl\/de\/#website\",\"url\":\"https:\/\/www.eliassen.nl\/de\/\",\"name\":\"Eliassen Home & Garden Pleasure\",\"description\":\"\",\"publisher\":{\"@id\":\"https:\/\/www.eliassen.nl\/de\/#organization\"},\"alternateName\":\"Eliassen.nl\",\"potentialAction\":[{\"@type\":\"SearchAction\",\"target\":{\"@type\":\"EntryPoint\",\"urlTemplate\":\"https:\/\/www.eliassen.nl\/de\/?s={search_term_string}\"},\"query-input\":{\"@type\":\"PropertyValueSpecification\",\"valueRequired\":true,\"valueName\":\"search_term_string\"}}],\"inLanguage\":\"de\"},{\"@type\":[\"Organization\",\"Place\"],\"@id\":\"https:\/\/www.eliassen.nl\/de\/#organization\",\"name\":\"Eliassen Home & Garden Pleasure\",\"url\":\"https:\/\/www.eliassen.nl\/de\/\",\"logo\":{\"@id\":\"https:\/\/www.eliassen.nl\/de\/product\/korb-mit-klappe-rattan-grau-75cm\/#local-main-organization-logo\"},\"image\":{\"@id\":\"https:\/\/www.eliassen.nl\/de\/product\/korb-mit-klappe-rattan-grau-75cm\/#local-main-organization-logo\"},\"sameAs\":[\"https:\/\/www.facebook.com\/TuincentrumEliassenAmmerzoden\",\"https:\/\/www.instagram.com\/eliassenhomeandgarden\/\",\"https:\/\/nl.pinterest.com\/eliassenhomeandgarden\/\",\"https:\/\/www.youtube.com\/@eliassenhomegardenpleasure4558\"],\"telephone\":[],\"openingHoursSpecification\":[{\"@type\":\"OpeningHoursSpecification\",\"dayOfWeek\":[\"Monday\",\"Tuesday\",\"Wednesday\",\"Thursday\",\"Friday\",\"Saturday\",\"Sunday\"],\"opens\":\"09:00\",\"closes\":\"17:00\"}]},{\"@type\":\"ImageObject\",\"inLanguage\":\"de\",\"@id\":\"https:\/\/www.eliassen.nl\/de\/product\/korb-mit-klappe-rattan-grau-75cm\/#local-main-organization-logo\",\"url\":\"https:\/\/www.eliassen.nl\/wp-content\/uploads\/2024\/01\/logo_4nd.jpg\",\"contentUrl\":\"https:\/\/www.eliassen.nl\/wp-content\/uploads\/2024\/01\/logo_4nd.jpg\",\"width\":500,\"height\":500,\"caption\":\"Eliassen Home & Garden Pleasure\"}]}<\/script>\n<meta property=\"product:price:amount\" content=\"87.50\" \/>\n<meta property=\"product:price:currency\" content=\"EUR\" \/>\n<meta property=\"og:availability\" content=\"instock\" \/>\n<meta property=\"product:availability\" content=\"instock\" \/>\n<meta property=\"product:retailer_item_id\" content=\"800008C\" \/>\n<meta property=\"product:condition\" content=\"new\" \/>\n<!-- \/ Yoast SEO Premium plugin. -->","yoast_head_json":{"title":"Sonstige Korb mit Klappe Rattan grau 75cm - Eliassen.nl","description":"Grauer Rattankorb mit Klappe (75x45x42cm). Stilvolle und praktische Aufbewahrungstruhe mit Griffen, ideal f\u00fcr eine aufger\u00e4umte und attraktive Landhauseinrichtung.","robots":{"index":"index","follow":"follow","max-snippet":"max-snippet:-1","max-image-preview":"max-image-preview:large","max-video-preview":"max-video-preview:-1"},"canonical":"https:\/\/www.eliassen.nl\/de\/product\/korb-mit-klappe-rattan-grau-75cm\/","og_locale":"de_DE","og_type":"article","og_title":"Sonstige Korb mit Klappe Rattan grau 75cm - Eliassen.nl","og_description":"Grauer Rattankorb mit Klappe (75x45x42cm). Stilvolle und praktische Aufbewahrungstruhe mit Griffen, ideal f\u00fcr eine aufger\u00e4umte und attraktive Landhauseinrichtung.","og_url":"https:\/\/www.eliassen.nl\/de\/product\/korb-mit-klappe-rattan-grau-75cm\/","og_site_name":"Eliassen.nl","article_publisher":"https:\/\/www.facebook.com\/TuincentrumEliassenAmmerzoden","article_modified_time":"2026-04-21T16:49:17+00:00","og_image":[{"width":2560,"height":1706,"url":"https:\/\/www.eliassen.nl\/wp-content\/uploads\/2026\/01\/Mand-met-deksel-rotan-groot-Eliassen.nl-800008C-scaled.jpg","type":"image\/jpeg"}],"twitter_card":"summary_large_image","schema":{"@context":"https:\/\/schema.org","@graph":[{"@type":"WebPage","@id":"https:\/\/www.eliassen.nl\/de\/product\/korb-mit-klappe-rattan-grau-75cm\/","url":"https:\/\/www.eliassen.nl\/de\/product\/korb-mit-klappe-rattan-grau-75cm\/","name":"Sonstige Korb mit Klappe Rattan grau 75cm - Eliassen.nl","isPartOf":{"@id":"https:\/\/www.eliassen.nl\/de\/#website"},"primaryImageOfPage":{"@id":"https:\/\/www.eliassen.nl\/de\/product\/korb-mit-klappe-rattan-grau-75cm\/#primaryimage"},"image":{"@id":"https:\/\/www.eliassen.nl\/de\/product\/korb-mit-klappe-rattan-grau-75cm\/#primaryimage"},"thumbnailUrl":"https:\/\/www.eliassen.nl\/wp-content\/uploads\/2026\/01\/Mand-met-deksel-rotan-groot-Eliassen.nl-800008C-scaled.jpg","datePublished":"2026-04-17T12:27:06+00:00","dateModified":"2026-04-21T16:49:17+00:00","description":"Grauer Rattankorb mit Klappe (75x45x42cm). Stilvolle und praktische Aufbewahrungstruhe mit Griffen, ideal f\u00fcr eine aufger\u00e4umte und attraktive Landhauseinrichtung.","breadcrumb":{"@id":"https:\/\/www.eliassen.nl\/de\/product\/korb-mit-klappe-rattan-grau-75cm\/#breadcrumb"},"inLanguage":"de","potentialAction":[{"@type":"ReadAction","target":["https:\/\/www.eliassen.nl\/de\/product\/korb-mit-klappe-rattan-grau-75cm\/"]}]},{"@type":"ImageObject","inLanguage":"de","@id":"https:\/\/www.eliassen.nl\/de\/product\/korb-mit-klappe-rattan-grau-75cm\/#primaryimage","url":"https:\/\/www.eliassen.nl\/wp-content\/uploads\/2026\/01\/Mand-met-deksel-rotan-groot-Eliassen.nl-800008C-scaled.jpg","contentUrl":"https:\/\/www.eliassen.nl\/wp-content\/uploads\/2026\/01\/Mand-met-deksel-rotan-groot-Eliassen.nl-800008C-scaled.jpg","width":2560,"height":1706,"caption":"Korb mit Deckel Rattan gro\u00df 75cm - Eliassen.nl"},{"@type":"BreadcrumbList","@id":"https:\/\/www.eliassen.nl\/de\/product\/korb-mit-klappe-rattan-grau-75cm\/#breadcrumb","itemListElement":[{"@type":"ListItem","position":1,"name":"Home","item":"https:\/\/www.eliassen.nl\/de\/"},{"@type":"ListItem","position":2,"name":"Shop","item":"https:\/\/www.eliassen.nl\/de\/shop\/"},{"@type":"ListItem","position":3,"name":"Blument\u00f6pfe und Pflanzgef\u00e4\u00dfe","item":"https:\/\/www.eliassen.nl\/de\/blumentoepfe-und-pflanzgefaesse\/"},{"@type":"ListItem","position":4,"name":"Korb mit Klappe Rattan grau 75cm"}]},{"@type":"WebSite","@id":"https:\/\/www.eliassen.nl\/de\/#website","url":"https:\/\/www.eliassen.nl\/de\/","name":"Eliassen Home & Garden Pleasure","description":"","publisher":{"@id":"https:\/\/www.eliassen.nl\/de\/#organization"},"alternateName":"Eliassen.nl","potentialAction":[{"@type":"SearchAction","target":{"@type":"EntryPoint","urlTemplate":"https:\/\/www.eliassen.nl\/de\/?s={search_term_string}"},"query-input":{"@type":"PropertyValueSpecification","valueRequired":true,"valueName":"search_term_string"}}],"inLanguage":"de"},{"@type":["Organization","Place"],"@id":"https:\/\/www.eliassen.nl\/de\/#organization","name":"Eliassen Home & Garden Pleasure","url":"https:\/\/www.eliassen.nl\/de\/","logo":{"@id":"https:\/\/www.eliassen.nl\/de\/product\/korb-mit-klappe-rattan-grau-75cm\/#local-main-organization-logo"},"image":{"@id":"https:\/\/www.eliassen.nl\/de\/product\/korb-mit-klappe-rattan-grau-75cm\/#local-main-organization-logo"},"sameAs":["https:\/\/www.facebook.com\/TuincentrumEliassenAmmerzoden","https:\/\/www.instagram.com\/eliassenhomeandgarden\/","https:\/\/nl.pinterest.com\/eliassenhomeandgarden\/","https:\/\/www.youtube.com\/@eliassenhomegardenpleasure4558"],"telephone":[],"openingHoursSpecification":[{"@type":"OpeningHoursSpecification","dayOfWeek":["Monday","Tuesday","Wednesday","Thursday","Friday","Saturday","Sunday"],"opens":"09:00","closes":"17:00"}]},{"@type":"ImageObject","inLanguage":"de","@id":"https:\/\/www.eliassen.nl\/de\/product\/korb-mit-klappe-rattan-grau-75cm\/#local-main-organization-logo","url":"https:\/\/www.eliassen.nl\/wp-content\/uploads\/2024\/01\/logo_4nd.jpg","contentUrl":"https:\/\/www.eliassen.nl\/wp-content\/uploads\/2024\/01\/logo_4nd.jpg","width":500,"height":500,"caption":"Eliassen Home & Garden Pleasure"}]},"product_price_amount":"87.50","product_price_currency":"EUR","og_availability":"instock","product_availability":"instock","product_retailer_item_id":"800008C","product_condition":"new"},"df_price":87.5,"df_sale_price":"","df_regular_price":87.5,"df_image_link":"https:\/\/www.eliassen.nl\/wp-content\/uploads\/2026\/01\/Mand-met-deksel-rotan-groot-Eliassen.nl-800008C-300x200.jpg","image":"https:\/\/www.eliassen.nl\/wp-content\/uploads\/2026\/01\/Mand-met-deksel-rotan-groot-Eliassen.nl-800008C-150x150.jpg","price_search":"<span class=\"woocommerce-Price-amount amount\"><bdi><span class=\"woocommerce-Price-currencySymbol\">&euro;<\/span>&nbsp;87,50<\/bdi><\/span>","category":"Blument\u00f6pfe und Pflanzgef\u00e4\u00dfe","global_unique_id":"8714763117609","_links":{"self":[{"href":"https:\/\/www.eliassen.nl\/de\/wp-json\/wp\/v2\/product\/212080","targetHints":{"allow":["GET"]}}],"collection":[{"href":"https:\/\/www.eliassen.nl\/de\/wp-json\/wp\/v2\/product"}],"about":[{"href":"https:\/\/www.eliassen.nl\/de\/wp-json\/wp\/v2\/types\/product"}],"wp:featuredmedia":[{"embeddable":true,"href":"https:\/\/www.eliassen.nl\/de\/wp-json\/wp\/v2\/media\/204118"}],"wp:attachment":[{"href":"https:\/\/www.eliassen.nl\/de\/wp-json\/wp\/v2\/media?parent=212080"}],"wp:term":[{"taxonomy":"product_brand","embeddable":true,"href":"https:\/\/www.eliassen.nl\/de\/wp-json\/wp\/v2\/product_brand?post=212080"},{"taxonomy":"product_cat","embeddable":true,"href":"https:\/\/www.eliassen.nl\/de\/wp-json\/wp\/v2\/product_cat?post=212080"},{"taxonomy":"product_tag","embeddable":true,"href":"https:\/\/www.eliassen.nl\/de\/wp-json\/wp\/v2\/product_tag?post=212080"}],"curies":[{"name":"wp","href":"https:\/\/api.w.org\/{rel}","templated":true}]}}