{"id":204474,"date":"2026-01-23T11:53:44","date_gmt":"2026-01-23T10:53:44","guid":{"rendered":"https:\/\/www.eliassen.nl\/product\/glasgemaelde-baum-im-herbst-120x80cm\/"},"modified":"2026-02-06T10:01:57","modified_gmt":"2026-02-06T09:01:57","slug":"glasgemaelde-baum-im-herbst-120x80cm","status":"publish","type":"product","link":"https:\/\/www.eliassen.nl\/de\/glasgemaelde-baum-im-herbst-120x80cm\/","title":{"rendered":"Glasgem\u00e4lde Baum im Herbst 120x80cm"},"content":{"rendered":"<p data-path-to-node=\"3\">M\u00f6chten Sie Ihre Innenr\u00e4ume mit der Ruhe und W\u00e4rme des Herbstes bereichern? Dieses beeindruckende Glasgem\u00e4lde mit dem Titel &#8222;Baum im Herbst&#8220; ist eine sch\u00f6ne Hommage an die Natur. Das Bild wird von einem majest\u00e4tischen, jahrhundertealten Baum mit einem breiten und zackigen Verzweigungssystem dominiert. Das Laub schm\u00fcckt sich in leuchtenden Herbstt\u00f6nen, die von tiefem Orange bis zu strahlendem Goldgelb reichen. Die Art und Weise, wie das Licht durch die \u00c4ste zu filtern scheint, erzeugt einen magischen und warmen Schein, der sofort Atmosph\u00e4re in Ihr Wohnzimmer, Ihren Flur oder Ihr B\u00fcro bringt.<\/p>\n<p data-path-to-node=\"4\">Das Bild wird messerscharf auf die R\u00fcckseite des Glases gedruckt. Da sich der Druck auf der R\u00fcckseite des 4 mm dicken geh\u00e4rteten Glases befindet, ist das Bild vor \u00e4u\u00dferen Einfl\u00fcssen gesch\u00fctzt und die warmen Herbstfarben erhalten eine noch nie dagewesene Tiefe und Brillanz. Das Glas verst\u00e4rkt den Kontrast zwischen dem dunklen, robusten Baumstamm und den hellen Bl\u00e4ttern, so dass die Szene fast leicht wirkt. Mit einer gro\u00dfz\u00fcgigen Gr\u00f6\u00dfe von 120x80cm ist dieses Liegemodell ein perfekter Blickfang \u00fcber einem breiten Sideboard oder dem Sofa.<\/p>\n<p data-path-to-node=\"5\"><b data-path-to-node=\"5\" data-index-in-node=\"0\">Warum sollten Sie sich f\u00fcr diese Glasmalerei bei Eliassen entscheiden?<\/b><\/p>\n<ul data-path-to-node=\"6\">\n<li>\n<p data-path-to-node=\"6,0,0\"><b data-path-to-node=\"6,0,0\" data-index-in-node=\"0\">Druck auf der R\u00fcckseite des Glases:<\/b> Diese Technik sorgt f\u00fcr eine hohe Farbintensit\u00e4t und macht das Gem\u00e4lde leicht zu reinigen.<\/p>\n<\/li>\n<li>\n<p data-path-to-node=\"6,1,0\"><b data-path-to-node=\"6,1,0\" data-index-in-node=\"0\">Warmer Look:<\/b> Die goldgelben Farbt\u00f6ne bringen buchst\u00e4blich die Sonne in Ihr Haus, egal zu welcher Jahreszeit.<\/p>\n<\/li>\n<li>\n<p data-path-to-node=\"6,2,0\"><b data-path-to-node=\"6,2,0\" data-index-in-node=\"0\">Einfache Montage:<\/b> Das Paneel ist mit einem soliden Aufh\u00e4ngesystem ausgestattet, das eine feste Befestigung an der Wand erm\u00f6glicht.<\/p>\n<\/li>\n<\/ul>\n<p>M\u00f6chten Sie die warmen Farben dieses Gem\u00e4ldes erst einmal selbst erleben? Dann kommen Sie doch einfach in unserem Ausstellungsraum in Ammerzoden vorbei. Wir haben eine sehr gro\u00dfe Auswahl an Glasbildern zum Aufh\u00e4ngen, so dass Sie in aller Ruhe pr\u00fcfen k\u00f6nnen, ob dieses Modell perfekt zu Ihrer Einrichtung passt.<\/p>\n","protected":false},"excerpt":{"rendered":"<p>Dieses stimmungsvolle 120x80cm gro\u00dfe Glasgem\u00e4lde zeigt einen majest\u00e4tischen Baum in voller Herbstpracht, umgeben von warmen goldgelben und orangefarbenen T\u00f6nen, die durch das einfallende Licht zu leuchten scheinen. Das Bild wird in hoher Qualit\u00e4t auf die R\u00fcckseite des geh\u00e4rteten Glases gedruckt und bietet ein luxuri\u00f6ses Aussehen, satte Farben und dauerhaften Schutz. Eine zeitlose und beruhigende Wanddekoration, die jeder Art von Interieur sofortige W\u00e4rme verleiht.<\/p>\n","protected":false},"featured_media":204059,"template":"","meta":{"_acf_changed":false,"_genesis_title":"","_genesis_description":""},"product_brand":[6940],"product_cat":[410,455,443],"product_tag":[],"class_list":{"0":"post-204474","1":"product","2":"type-product","3":"status-publish","4":"has-post-thumbnail","6":"product_brand-ter-halle-de","7":"product_cat-gemaelde","8":"product_cat-glasmalerei-im-format-80x120cm","9":"product_cat-glasmalereien","11":"first","12":"outofstock","13":"taxable","14":"shipping-taxable","15":"purchasable","16":"product-type-simple"},"acf":[],"meta_all":{"cor_restricted_countries":[],"total_sales":"1"},"meta_all_flat":{"total_sales":"1"},"yoast_head":"<!-- This site is optimized with the Yoast SEO Premium plugin v26.2 (Yoast SEO v27.2) - https:\/\/yoast.com\/product\/yoast-seo-premium-wordpress\/ -->\n<title>Ter Halle Glasgem\u00e4lde Baum im Herbst 120x80cm - Eliassen.nl<\/title>\n<meta name=\"description\" content=\"Glasgem\u00e4lde Baum im Herbst (120x80cm). Ein majest\u00e4tischer Baum in goldenen T\u00f6nen, gedruckt auf der R\u00fcckseite des Glases. Sehen Sie sich diesen Stimmungsmacher bei Eliassen an!\" \/>\n<meta name=\"robots\" content=\"index, follow, max-snippet:-1, max-image-preview:large, max-video-preview:-1\" \/>\n<link rel=\"canonical\" href=\"https:\/\/www.eliassen.nl\/de\/glasgemaelde-baum-im-herbst-120x80cm\/\" \/>\n<meta property=\"og:locale\" content=\"de_DE\" \/>\n<meta property=\"og:type\" content=\"article\" \/>\n<meta property=\"og:title\" content=\"Ter Halle Glasgem\u00e4lde Baum im Herbst 120x80cm - Eliassen.nl\" \/>\n<meta property=\"og:description\" content=\"Glasgem\u00e4lde Baum im Herbst (120x80cm). Ein majest\u00e4tischer Baum in goldenen T\u00f6nen, gedruckt auf der R\u00fcckseite des Glases. Sehen Sie sich diesen Stimmungsmacher bei Eliassen an!\" \/>\n<meta property=\"og:url\" content=\"https:\/\/www.eliassen.nl\/de\/glasgemaelde-baum-im-herbst-120x80cm\/\" \/>\n<meta property=\"og:site_name\" content=\"Eliassen.nl\" \/>\n<meta property=\"article:publisher\" content=\"https:\/\/www.facebook.com\/TuincentrumEliassenAmmerzoden\" \/>\n<meta property=\"article:modified_time\" content=\"2026-02-06T09:01:57+00:00\" \/>\n<meta property=\"og:image\" content=\"https:\/\/www.eliassen.nl\/wp-content\/uploads\/2026\/01\/glasschilderij-boom-in-de-herfst-Eliassen.nl_.jpg\" \/>\n\t<meta property=\"og:image:width\" content=\"1152\" \/>\n\t<meta property=\"og:image:height\" content=\"768\" \/>\n\t<meta property=\"og:image:type\" content=\"image\/jpeg\" \/>\n<meta name=\"twitter:card\" content=\"summary_large_image\" \/>\n<script type=\"application\/ld+json\" class=\"yoast-schema-graph\">{\"@context\":\"https:\/\/schema.org\",\"@graph\":[{\"@type\":\"WebPage\",\"@id\":\"https:\/\/www.eliassen.nl\/de\/glasgemaelde-baum-im-herbst-120x80cm\/\",\"url\":\"https:\/\/www.eliassen.nl\/de\/glasgemaelde-baum-im-herbst-120x80cm\/\",\"name\":\"Ter Halle Glasgem\u00e4lde Baum im Herbst 120x80cm - Eliassen.nl\",\"isPartOf\":{\"@id\":\"https:\/\/www.eliassen.nl\/de\/#website\"},\"primaryImageOfPage\":{\"@id\":\"https:\/\/www.eliassen.nl\/de\/glasgemaelde-baum-im-herbst-120x80cm\/#primaryimage\"},\"image\":{\"@id\":\"https:\/\/www.eliassen.nl\/de\/glasgemaelde-baum-im-herbst-120x80cm\/#primaryimage\"},\"thumbnailUrl\":\"https:\/\/www.eliassen.nl\/wp-content\/uploads\/2026\/01\/glasschilderij-boom-in-de-herfst-Eliassen.nl_.jpg\",\"datePublished\":\"2026-01-23T10:53:44+00:00\",\"dateModified\":\"2026-02-06T09:01:57+00:00\",\"description\":\"Glasgem\u00e4lde Baum im Herbst (120x80cm). Ein majest\u00e4tischer Baum in goldenen T\u00f6nen, gedruckt auf der R\u00fcckseite des Glases. Sehen Sie sich diesen Stimmungsmacher bei Eliassen an!\",\"breadcrumb\":{\"@id\":\"https:\/\/www.eliassen.nl\/de\/glasgemaelde-baum-im-herbst-120x80cm\/#breadcrumb\"},\"inLanguage\":\"de\",\"potentialAction\":[{\"@type\":\"ReadAction\",\"target\":[\"https:\/\/www.eliassen.nl\/de\/glasgemaelde-baum-im-herbst-120x80cm\/\"]}]},{\"@type\":\"ImageObject\",\"inLanguage\":\"de\",\"@id\":\"https:\/\/www.eliassen.nl\/de\/glasgemaelde-baum-im-herbst-120x80cm\/#primaryimage\",\"url\":\"https:\/\/www.eliassen.nl\/wp-content\/uploads\/2026\/01\/glasschilderij-boom-in-de-herfst-Eliassen.nl_.jpg\",\"contentUrl\":\"https:\/\/www.eliassen.nl\/wp-content\/uploads\/2026\/01\/glasschilderij-boom-in-de-herfst-Eliassen.nl_.jpg\",\"width\":1152,\"height\":768,\"caption\":\"Glasmalerei Baum im Herbst - Eliassen.nl\"},{\"@type\":\"BreadcrumbList\",\"@id\":\"https:\/\/www.eliassen.nl\/de\/glasgemaelde-baum-im-herbst-120x80cm\/#breadcrumb\",\"itemListElement\":[{\"@type\":\"ListItem\",\"position\":1,\"name\":\"Home\",\"item\":\"https:\/\/www.eliassen.nl\/de\/\"},{\"@type\":\"ListItem\",\"position\":2,\"name\":\"Shop\",\"item\":\"https:\/\/www.eliassen.nl\/de\/shop\/\"},{\"@type\":\"ListItem\",\"position\":3,\"name\":\"Glasmalereien\",\"item\":\"https:\/\/www.eliassen.nl\/de\/gemaelde\/glasmalereien\/\"},{\"@type\":\"ListItem\",\"position\":4,\"name\":\"Glasgem\u00e4lde Baum im Herbst 120x80cm\"}]},{\"@type\":\"WebSite\",\"@id\":\"https:\/\/www.eliassen.nl\/de\/#website\",\"url\":\"https:\/\/www.eliassen.nl\/de\/\",\"name\":\"Eliassen Home & Garden Pleasure\",\"description\":\"\",\"publisher\":{\"@id\":\"https:\/\/www.eliassen.nl\/de\/#organization\"},\"alternateName\":\"Eliassen.nl\",\"potentialAction\":[{\"@type\":\"SearchAction\",\"target\":{\"@type\":\"EntryPoint\",\"urlTemplate\":\"https:\/\/www.eliassen.nl\/de\/?s={search_term_string}\"},\"query-input\":{\"@type\":\"PropertyValueSpecification\",\"valueRequired\":true,\"valueName\":\"search_term_string\"}}],\"inLanguage\":\"de\"},{\"@type\":[\"Organization\",\"Place\"],\"@id\":\"https:\/\/www.eliassen.nl\/de\/#organization\",\"name\":\"Eliassen Home & Garden Pleasure\",\"url\":\"https:\/\/www.eliassen.nl\/de\/\",\"logo\":{\"@id\":\"https:\/\/www.eliassen.nl\/de\/glasgemaelde-baum-im-herbst-120x80cm\/#local-main-organization-logo\"},\"image\":{\"@id\":\"https:\/\/www.eliassen.nl\/de\/glasgemaelde-baum-im-herbst-120x80cm\/#local-main-organization-logo\"},\"sameAs\":[\"https:\/\/www.facebook.com\/TuincentrumEliassenAmmerzoden\",\"https:\/\/www.instagram.com\/eliassenhomeandgarden\/\",\"https:\/\/nl.pinterest.com\/eliassenhomeandgarden\/\",\"https:\/\/www.youtube.com\/@eliassenhomegardenpleasure4558\"],\"telephone\":[],\"openingHoursSpecification\":[{\"@type\":\"OpeningHoursSpecification\",\"dayOfWeek\":[\"Monday\",\"Tuesday\",\"Wednesday\",\"Thursday\",\"Friday\",\"Saturday\",\"Sunday\"],\"opens\":\"09:00\",\"closes\":\"17:00\"}]},{\"@type\":\"ImageObject\",\"inLanguage\":\"de\",\"@id\":\"https:\/\/www.eliassen.nl\/de\/glasgemaelde-baum-im-herbst-120x80cm\/#local-main-organization-logo\",\"url\":\"https:\/\/www.eliassen.nl\/wp-content\/uploads\/2024\/01\/logo_4nd.jpg\",\"contentUrl\":\"https:\/\/www.eliassen.nl\/wp-content\/uploads\/2024\/01\/logo_4nd.jpg\",\"width\":500,\"height\":500,\"caption\":\"Eliassen Home & Garden Pleasure\"}]}<\/script>\n<meta property=\"product:price:amount\" content=\"149.00\" \/>\n<meta property=\"product:price:currency\" content=\"EUR\" \/>\n<meta property=\"og:availability\" content=\"out of stock\" \/>\n<meta property=\"product:availability\" content=\"out of stock\" \/>\n<meta property=\"product:retailer_item_id\" content=\"Glas080120-1172\" \/>\n<meta property=\"product:condition\" content=\"new\" \/>\n<!-- \/ Yoast SEO Premium plugin. -->","yoast_head_json":{"title":"Ter Halle Glasgem\u00e4lde Baum im Herbst 120x80cm - Eliassen.nl","description":"Glasgem\u00e4lde Baum im Herbst (120x80cm). Ein majest\u00e4tischer Baum in goldenen T\u00f6nen, gedruckt auf der R\u00fcckseite des Glases. Sehen Sie sich diesen Stimmungsmacher bei Eliassen an!","robots":{"index":"index","follow":"follow","max-snippet":"max-snippet:-1","max-image-preview":"max-image-preview:large","max-video-preview":"max-video-preview:-1"},"canonical":"https:\/\/www.eliassen.nl\/de\/glasgemaelde-baum-im-herbst-120x80cm\/","og_locale":"de_DE","og_type":"article","og_title":"Ter Halle Glasgem\u00e4lde Baum im Herbst 120x80cm - Eliassen.nl","og_description":"Glasgem\u00e4lde Baum im Herbst (120x80cm). Ein majest\u00e4tischer Baum in goldenen T\u00f6nen, gedruckt auf der R\u00fcckseite des Glases. Sehen Sie sich diesen Stimmungsmacher bei Eliassen an!","og_url":"https:\/\/www.eliassen.nl\/de\/glasgemaelde-baum-im-herbst-120x80cm\/","og_site_name":"Eliassen.nl","article_publisher":"https:\/\/www.facebook.com\/TuincentrumEliassenAmmerzoden","article_modified_time":"2026-02-06T09:01:57+00:00","og_image":[{"width":1152,"height":768,"url":"https:\/\/www.eliassen.nl\/wp-content\/uploads\/2026\/01\/glasschilderij-boom-in-de-herfst-Eliassen.nl_.jpg","type":"image\/jpeg"}],"twitter_card":"summary_large_image","schema":{"@context":"https:\/\/schema.org","@graph":[{"@type":"WebPage","@id":"https:\/\/www.eliassen.nl\/de\/glasgemaelde-baum-im-herbst-120x80cm\/","url":"https:\/\/www.eliassen.nl\/de\/glasgemaelde-baum-im-herbst-120x80cm\/","name":"Ter Halle Glasgem\u00e4lde Baum im Herbst 120x80cm - Eliassen.nl","isPartOf":{"@id":"https:\/\/www.eliassen.nl\/de\/#website"},"primaryImageOfPage":{"@id":"https:\/\/www.eliassen.nl\/de\/glasgemaelde-baum-im-herbst-120x80cm\/#primaryimage"},"image":{"@id":"https:\/\/www.eliassen.nl\/de\/glasgemaelde-baum-im-herbst-120x80cm\/#primaryimage"},"thumbnailUrl":"https:\/\/www.eliassen.nl\/wp-content\/uploads\/2026\/01\/glasschilderij-boom-in-de-herfst-Eliassen.nl_.jpg","datePublished":"2026-01-23T10:53:44+00:00","dateModified":"2026-02-06T09:01:57+00:00","description":"Glasgem\u00e4lde Baum im Herbst (120x80cm). Ein majest\u00e4tischer Baum in goldenen T\u00f6nen, gedruckt auf der R\u00fcckseite des Glases. Sehen Sie sich diesen Stimmungsmacher bei Eliassen an!","breadcrumb":{"@id":"https:\/\/www.eliassen.nl\/de\/glasgemaelde-baum-im-herbst-120x80cm\/#breadcrumb"},"inLanguage":"de","potentialAction":[{"@type":"ReadAction","target":["https:\/\/www.eliassen.nl\/de\/glasgemaelde-baum-im-herbst-120x80cm\/"]}]},{"@type":"ImageObject","inLanguage":"de","@id":"https:\/\/www.eliassen.nl\/de\/glasgemaelde-baum-im-herbst-120x80cm\/#primaryimage","url":"https:\/\/www.eliassen.nl\/wp-content\/uploads\/2026\/01\/glasschilderij-boom-in-de-herfst-Eliassen.nl_.jpg","contentUrl":"https:\/\/www.eliassen.nl\/wp-content\/uploads\/2026\/01\/glasschilderij-boom-in-de-herfst-Eliassen.nl_.jpg","width":1152,"height":768,"caption":"Glasmalerei Baum im Herbst - Eliassen.nl"},{"@type":"BreadcrumbList","@id":"https:\/\/www.eliassen.nl\/de\/glasgemaelde-baum-im-herbst-120x80cm\/#breadcrumb","itemListElement":[{"@type":"ListItem","position":1,"name":"Home","item":"https:\/\/www.eliassen.nl\/de\/"},{"@type":"ListItem","position":2,"name":"Shop","item":"https:\/\/www.eliassen.nl\/de\/shop\/"},{"@type":"ListItem","position":3,"name":"Glasmalereien","item":"https:\/\/www.eliassen.nl\/de\/gemaelde\/glasmalereien\/"},{"@type":"ListItem","position":4,"name":"Glasgem\u00e4lde Baum im Herbst 120x80cm"}]},{"@type":"WebSite","@id":"https:\/\/www.eliassen.nl\/de\/#website","url":"https:\/\/www.eliassen.nl\/de\/","name":"Eliassen Home & Garden Pleasure","description":"","publisher":{"@id":"https:\/\/www.eliassen.nl\/de\/#organization"},"alternateName":"Eliassen.nl","potentialAction":[{"@type":"SearchAction","target":{"@type":"EntryPoint","urlTemplate":"https:\/\/www.eliassen.nl\/de\/?s={search_term_string}"},"query-input":{"@type":"PropertyValueSpecification","valueRequired":true,"valueName":"search_term_string"}}],"inLanguage":"de"},{"@type":["Organization","Place"],"@id":"https:\/\/www.eliassen.nl\/de\/#organization","name":"Eliassen Home & Garden Pleasure","url":"https:\/\/www.eliassen.nl\/de\/","logo":{"@id":"https:\/\/www.eliassen.nl\/de\/glasgemaelde-baum-im-herbst-120x80cm\/#local-main-organization-logo"},"image":{"@id":"https:\/\/www.eliassen.nl\/de\/glasgemaelde-baum-im-herbst-120x80cm\/#local-main-organization-logo"},"sameAs":["https:\/\/www.facebook.com\/TuincentrumEliassenAmmerzoden","https:\/\/www.instagram.com\/eliassenhomeandgarden\/","https:\/\/nl.pinterest.com\/eliassenhomeandgarden\/","https:\/\/www.youtube.com\/@eliassenhomegardenpleasure4558"],"telephone":[],"openingHoursSpecification":[{"@type":"OpeningHoursSpecification","dayOfWeek":["Monday","Tuesday","Wednesday","Thursday","Friday","Saturday","Sunday"],"opens":"09:00","closes":"17:00"}]},{"@type":"ImageObject","inLanguage":"de","@id":"https:\/\/www.eliassen.nl\/de\/glasgemaelde-baum-im-herbst-120x80cm\/#local-main-organization-logo","url":"https:\/\/www.eliassen.nl\/wp-content\/uploads\/2024\/01\/logo_4nd.jpg","contentUrl":"https:\/\/www.eliassen.nl\/wp-content\/uploads\/2024\/01\/logo_4nd.jpg","width":500,"height":500,"caption":"Eliassen Home & Garden Pleasure"}]},"product_price_amount":"149.00","product_price_currency":"EUR","og_availability":"out of stock","product_availability":"out of stock","product_retailer_item_id":"Glas080120-1172","product_condition":"new"},"df_price":149,"df_sale_price":"","df_regular_price":149,"df_image_link":"https:\/\/www.eliassen.nl\/wp-content\/uploads\/2026\/01\/glasschilderij-boom-in-de-herfst-Eliassen.nl_-300x200.jpg","image":"https:\/\/www.eliassen.nl\/wp-content\/uploads\/2026\/01\/glasschilderij-boom-in-de-herfst-Eliassen.nl_-150x150.jpg","price_search":"<span class=\"woocommerce-Price-amount amount\"><bdi><span class=\"woocommerce-Price-currencySymbol\">&euro;<\/span>&nbsp;149,00<\/bdi><\/span>","category":"Gem\u00e4lde","global_unique_id":"8714688622202","_links":{"self":[{"href":"https:\/\/www.eliassen.nl\/de\/wp-json\/wp\/v2\/product\/204474","targetHints":{"allow":["GET"]}}],"collection":[{"href":"https:\/\/www.eliassen.nl\/de\/wp-json\/wp\/v2\/product"}],"about":[{"href":"https:\/\/www.eliassen.nl\/de\/wp-json\/wp\/v2\/types\/product"}],"wp:featuredmedia":[{"embeddable":true,"href":"https:\/\/www.eliassen.nl\/de\/wp-json\/wp\/v2\/media\/204059"}],"wp:attachment":[{"href":"https:\/\/www.eliassen.nl\/de\/wp-json\/wp\/v2\/media?parent=204474"}],"wp:term":[{"taxonomy":"product_brand","embeddable":true,"href":"https:\/\/www.eliassen.nl\/de\/wp-json\/wp\/v2\/product_brand?post=204474"},{"taxonomy":"product_cat","embeddable":true,"href":"https:\/\/www.eliassen.nl\/de\/wp-json\/wp\/v2\/product_cat?post=204474"},{"taxonomy":"product_tag","embeddable":true,"href":"https:\/\/www.eliassen.nl\/de\/wp-json\/wp\/v2\/product_tag?post=204474"}],"curies":[{"name":"wp","href":"https:\/\/api.w.org\/{rel}","templated":true}]}}