{"id":196914,"date":"2025-03-27T12:26:05","date_gmt":"2025-03-27T11:26:05","guid":{"rendered":"https:\/\/www.eliassen.nl\/product\/vase-aus-kameeglas-von-emile-galle-adams-needle-24cm\/"},"modified":"2026-02-09T20:06:21","modified_gmt":"2026-02-09T19:06:21","slug":"vase-aus-kameeglas-von-emile-galle-adams-needle-24cm","status":"publish","type":"product","link":"https:\/\/www.eliassen.nl\/de\/vase-aus-kameeglas-von-emile-galle-adams-needle-24cm\/","title":{"rendered":"Vase aus Cameo-Glas von Emile Gall\u00e9 Adam&#8217;s Needle 24cm"},"content":{"rendered":"<p>Wundersch\u00f6ne halbhohe Glasvase mit Adamsnadelbl\u00fcten in einer schlanken Form, hergestellt in der alten Cameo-Technik, modelliert vom weltber\u00fchmten Glask\u00fcnstler \u00c9mile Gall\u00e9.<\/p>\n<p>Kamee-Glas ist eine sch\u00f6ne und alte Form der Glaskunst. Das Glas wird auf verschiedene Weise bearbeitet, z.B. durch \u00c4tzen, Gravieren oder Schneiden. Sie erkennen Cameo-Glas daran, dass auf dem Objekt aus Cameo-Glas immer mehrere Glasschichten \u00fcbereinander aufgebracht sind, die in der Regel verschiedene Farben haben, wodurch ein sehr sch\u00f6ner Lichteffekt entsteht.<\/p>\n<ul>\n<li>Gr\u00f6\u00dfe: 24cm hoch<\/li>\n<li>Jedes Exemplar weicht vom Foto ab, da es handgefertigt ist.<\/li>\n<li>Sehen Sie auch live<\/li>\n<li>Schnelle Lieferung<\/li>\n<\/ul>\n","protected":false},"excerpt":{"rendered":"<p>Holen Sie sich ein raffiniertes St\u00fcck Glaskunst in Ihr Zuhause mit dieser handgefertigten 24 cm hohen Cameo Glasvase, die mit Adam&#8217;s Needle Blumen verziert ist. Die Vase hat eine schlanke Form und ist in einer harmonischen Kombination aus Gelb, Gr\u00fcn und Wei\u00df ausgef\u00fchrt, die dem K\u00fcnstler Emile Gall\u00e9 nachempfunden ist. Die einzigartige Schichtungstechnik erzeugt einen wundersch\u00f6nen Lichteffekt, der dieses Modell zu einem besonderen und dekorativen Blickpunkt in Ihrer Einrichtung macht.<\/p>\n","protected":false},"featured_media":177769,"template":"","meta":{"_acf_changed":false,"_genesis_title":"","_genesis_description":""},"product_brand":[7505],"product_cat":[1202,800],"product_tag":[],"class_list":{"0":"post-196914","1":"product","2":"type-product","3":"status-publish","4":"has-post-thumbnail","6":"product_brand-sonstige","7":"product_cat-cameo-glaskollektion","8":"product_cat-glaskunst","10":"first","11":"instock","12":"taxable","13":"shipping-taxable","14":"purchasable","15":"product-type-simple"},"acf":[],"meta_all":{"total_sales":"0","cor_restricted_countries":[]},"meta_all_flat":{"total_sales":"0"},"yoast_head":"<!-- This site is optimized with the Yoast SEO Premium plugin v26.2 (Yoast SEO v27.2) - https:\/\/yoast.com\/product\/yoast-seo-premium-wordpress\/ -->\n<title>Sonstige Vase aus Cameo-Glas von Emile Gall\u00e9 Adam&#039;s Needle 24cm - Eliassen.nl<\/title>\n<meta name=\"description\" content=\"Bestellen Sie diese einzigartige Cameo Glasvase (24 cm) mit Adam&#039;s Needle Dekor im Stil von Emile Gall\u00e9. Ein raffinierter, handgefertigter Blickfang f\u00fcr Ihr Interieur. Sehen Sie es sich jetzt an!\" \/>\n<meta name=\"robots\" content=\"index, follow, max-snippet:-1, max-image-preview:large, max-video-preview:-1\" \/>\n<link rel=\"canonical\" href=\"https:\/\/www.eliassen.nl\/de\/vase-aus-kameeglas-von-emile-galle-adams-needle-24cm\/\" \/>\n<meta property=\"og:locale\" content=\"de_DE\" \/>\n<meta property=\"og:type\" content=\"article\" \/>\n<meta property=\"og:title\" content=\"Sonstige Vase aus Cameo-Glas von Emile Gall\u00e9 Adam&#039;s Needle 24cm - Eliassen.nl\" \/>\n<meta property=\"og:description\" content=\"Bestellen Sie diese einzigartige Cameo Glasvase (24 cm) mit Adam&#039;s Needle Dekor im Stil von Emile Gall\u00e9. Ein raffinierter, handgefertigter Blickfang f\u00fcr Ihr Interieur. Sehen Sie es sich jetzt an!\" \/>\n<meta property=\"og:url\" content=\"https:\/\/www.eliassen.nl\/de\/vase-aus-kameeglas-von-emile-galle-adams-needle-24cm\/\" \/>\n<meta property=\"og:site_name\" content=\"Eliassen.nl\" \/>\n<meta property=\"article:publisher\" content=\"https:\/\/www.facebook.com\/TuincentrumEliassenAmmerzoden\" \/>\n<meta property=\"article:modified_time\" content=\"2026-02-09T19:06:21+00:00\" \/>\n<meta property=\"og:image\" content=\"https:\/\/www.eliassen.nl\/wp-content\/uploads\/2025\/03\/Galle-glasvaas-Adams-naald-Eliassen.nl-GV-91.jpg\" \/>\n\t<meta property=\"og:image:width\" content=\"560\" \/>\n\t<meta property=\"og:image:height\" content=\"560\" \/>\n\t<meta property=\"og:image:type\" content=\"image\/jpeg\" \/>\n<meta name=\"twitter:card\" content=\"summary_large_image\" \/>\n<script type=\"application\/ld+json\" class=\"yoast-schema-graph\">{\"@context\":\"https:\/\/schema.org\",\"@graph\":[{\"@type\":\"WebPage\",\"@id\":\"https:\/\/www.eliassen.nl\/de\/vase-aus-kameeglas-von-emile-galle-adams-needle-24cm\/\",\"url\":\"https:\/\/www.eliassen.nl\/de\/vase-aus-kameeglas-von-emile-galle-adams-needle-24cm\/\",\"name\":\"Sonstige Vase aus Cameo-Glas von Emile Gall\u00e9 Adam's Needle 24cm - Eliassen.nl\",\"isPartOf\":{\"@id\":\"https:\/\/www.eliassen.nl\/de\/#website\"},\"primaryImageOfPage\":{\"@id\":\"https:\/\/www.eliassen.nl\/de\/vase-aus-kameeglas-von-emile-galle-adams-needle-24cm\/#primaryimage\"},\"image\":{\"@id\":\"https:\/\/www.eliassen.nl\/de\/vase-aus-kameeglas-von-emile-galle-adams-needle-24cm\/#primaryimage\"},\"thumbnailUrl\":\"https:\/\/www.eliassen.nl\/wp-content\/uploads\/2025\/03\/Galle-glasvaas-Adams-naald-Eliassen.nl-GV-91.jpg\",\"datePublished\":\"2025-03-27T11:26:05+00:00\",\"dateModified\":\"2026-02-09T19:06:21+00:00\",\"description\":\"Bestellen Sie diese einzigartige Cameo Glasvase (24 cm) mit Adam's Needle Dekor im Stil von Emile Gall\u00e9. Ein raffinierter, handgefertigter Blickfang f\u00fcr Ihr Interieur. Sehen Sie es sich jetzt an!\",\"breadcrumb\":{\"@id\":\"https:\/\/www.eliassen.nl\/de\/vase-aus-kameeglas-von-emile-galle-adams-needle-24cm\/#breadcrumb\"},\"inLanguage\":\"de\",\"potentialAction\":[{\"@type\":\"ReadAction\",\"target\":[\"https:\/\/www.eliassen.nl\/de\/vase-aus-kameeglas-von-emile-galle-adams-needle-24cm\/\"]}]},{\"@type\":\"ImageObject\",\"inLanguage\":\"de\",\"@id\":\"https:\/\/www.eliassen.nl\/de\/vase-aus-kameeglas-von-emile-galle-adams-needle-24cm\/#primaryimage\",\"url\":\"https:\/\/www.eliassen.nl\/wp-content\/uploads\/2025\/03\/Galle-glasvaas-Adams-naald-Eliassen.nl-GV-91.jpg\",\"contentUrl\":\"https:\/\/www.eliassen.nl\/wp-content\/uploads\/2025\/03\/Galle-glasvaas-Adams-naald-Eliassen.nl-GV-91.jpg\",\"width\":560,\"height\":560},{\"@type\":\"BreadcrumbList\",\"@id\":\"https:\/\/www.eliassen.nl\/de\/vase-aus-kameeglas-von-emile-galle-adams-needle-24cm\/#breadcrumb\",\"itemListElement\":[{\"@type\":\"ListItem\",\"position\":1,\"name\":\"Home\",\"item\":\"https:\/\/www.eliassen.nl\/de\/\"},{\"@type\":\"ListItem\",\"position\":2,\"name\":\"Shop\",\"item\":\"https:\/\/www.eliassen.nl\/de\/shop\/\"},{\"@type\":\"ListItem\",\"position\":3,\"name\":\"Glaskunst\",\"item\":\"https:\/\/www.eliassen.nl\/de\/glaskunst\/\"},{\"@type\":\"ListItem\",\"position\":4,\"name\":\"Vase aus Cameo-Glas von Emile Gall\u00e9 Adam&#8217;s Needle 24cm\"}]},{\"@type\":\"WebSite\",\"@id\":\"https:\/\/www.eliassen.nl\/de\/#website\",\"url\":\"https:\/\/www.eliassen.nl\/de\/\",\"name\":\"Eliassen Home & Garden Pleasure\",\"description\":\"\",\"publisher\":{\"@id\":\"https:\/\/www.eliassen.nl\/de\/#organization\"},\"alternateName\":\"Eliassen.nl\",\"potentialAction\":[{\"@type\":\"SearchAction\",\"target\":{\"@type\":\"EntryPoint\",\"urlTemplate\":\"https:\/\/www.eliassen.nl\/de\/?s={search_term_string}\"},\"query-input\":{\"@type\":\"PropertyValueSpecification\",\"valueRequired\":true,\"valueName\":\"search_term_string\"}}],\"inLanguage\":\"de\"},{\"@type\":[\"Organization\",\"Place\"],\"@id\":\"https:\/\/www.eliassen.nl\/de\/#organization\",\"name\":\"Eliassen Home & Garden Pleasure\",\"url\":\"https:\/\/www.eliassen.nl\/de\/\",\"logo\":{\"@id\":\"https:\/\/www.eliassen.nl\/de\/vase-aus-kameeglas-von-emile-galle-adams-needle-24cm\/#local-main-organization-logo\"},\"image\":{\"@id\":\"https:\/\/www.eliassen.nl\/de\/vase-aus-kameeglas-von-emile-galle-adams-needle-24cm\/#local-main-organization-logo\"},\"sameAs\":[\"https:\/\/www.facebook.com\/TuincentrumEliassenAmmerzoden\",\"https:\/\/www.instagram.com\/eliassenhomeandgarden\/\",\"https:\/\/nl.pinterest.com\/eliassenhomeandgarden\/\",\"https:\/\/www.youtube.com\/@eliassenhomegardenpleasure4558\"],\"telephone\":[],\"openingHoursSpecification\":[{\"@type\":\"OpeningHoursSpecification\",\"dayOfWeek\":[\"Monday\",\"Tuesday\",\"Wednesday\",\"Thursday\",\"Friday\",\"Saturday\",\"Sunday\"],\"opens\":\"09:00\",\"closes\":\"17:00\"}]},{\"@type\":\"ImageObject\",\"inLanguage\":\"de\",\"@id\":\"https:\/\/www.eliassen.nl\/de\/vase-aus-kameeglas-von-emile-galle-adams-needle-24cm\/#local-main-organization-logo\",\"url\":\"https:\/\/www.eliassen.nl\/wp-content\/uploads\/2024\/01\/logo_4nd.jpg\",\"contentUrl\":\"https:\/\/www.eliassen.nl\/wp-content\/uploads\/2024\/01\/logo_4nd.jpg\",\"width\":500,\"height\":500,\"caption\":\"Eliassen Home & Garden Pleasure\"}]}<\/script>\n<meta property=\"product:price:amount\" content=\"139.00\" \/>\n<meta property=\"product:price:currency\" content=\"EUR\" \/>\n<meta property=\"og:availability\" content=\"instock\" \/>\n<meta property=\"product:availability\" content=\"instock\" \/>\n<meta property=\"product:retailer_item_id\" content=\"gv-91\" \/>\n<meta property=\"product:condition\" content=\"new\" \/>\n<!-- \/ Yoast SEO Premium plugin. -->","yoast_head_json":{"title":"Sonstige Vase aus Cameo-Glas von Emile Gall\u00e9 Adam's Needle 24cm - Eliassen.nl","description":"Bestellen Sie diese einzigartige Cameo Glasvase (24 cm) mit Adam's Needle Dekor im Stil von Emile Gall\u00e9. Ein raffinierter, handgefertigter Blickfang f\u00fcr Ihr Interieur. Sehen Sie es sich jetzt an!","robots":{"index":"index","follow":"follow","max-snippet":"max-snippet:-1","max-image-preview":"max-image-preview:large","max-video-preview":"max-video-preview:-1"},"canonical":"https:\/\/www.eliassen.nl\/de\/vase-aus-kameeglas-von-emile-galle-adams-needle-24cm\/","og_locale":"de_DE","og_type":"article","og_title":"Sonstige Vase aus Cameo-Glas von Emile Gall\u00e9 Adam's Needle 24cm - Eliassen.nl","og_description":"Bestellen Sie diese einzigartige Cameo Glasvase (24 cm) mit Adam's Needle Dekor im Stil von Emile Gall\u00e9. Ein raffinierter, handgefertigter Blickfang f\u00fcr Ihr Interieur. Sehen Sie es sich jetzt an!","og_url":"https:\/\/www.eliassen.nl\/de\/vase-aus-kameeglas-von-emile-galle-adams-needle-24cm\/","og_site_name":"Eliassen.nl","article_publisher":"https:\/\/www.facebook.com\/TuincentrumEliassenAmmerzoden","article_modified_time":"2026-02-09T19:06:21+00:00","og_image":[{"width":560,"height":560,"url":"https:\/\/www.eliassen.nl\/wp-content\/uploads\/2025\/03\/Galle-glasvaas-Adams-naald-Eliassen.nl-GV-91.jpg","type":"image\/jpeg"}],"twitter_card":"summary_large_image","schema":{"@context":"https:\/\/schema.org","@graph":[{"@type":"WebPage","@id":"https:\/\/www.eliassen.nl\/de\/vase-aus-kameeglas-von-emile-galle-adams-needle-24cm\/","url":"https:\/\/www.eliassen.nl\/de\/vase-aus-kameeglas-von-emile-galle-adams-needle-24cm\/","name":"Sonstige Vase aus Cameo-Glas von Emile Gall\u00e9 Adam's Needle 24cm - Eliassen.nl","isPartOf":{"@id":"https:\/\/www.eliassen.nl\/de\/#website"},"primaryImageOfPage":{"@id":"https:\/\/www.eliassen.nl\/de\/vase-aus-kameeglas-von-emile-galle-adams-needle-24cm\/#primaryimage"},"image":{"@id":"https:\/\/www.eliassen.nl\/de\/vase-aus-kameeglas-von-emile-galle-adams-needle-24cm\/#primaryimage"},"thumbnailUrl":"https:\/\/www.eliassen.nl\/wp-content\/uploads\/2025\/03\/Galle-glasvaas-Adams-naald-Eliassen.nl-GV-91.jpg","datePublished":"2025-03-27T11:26:05+00:00","dateModified":"2026-02-09T19:06:21+00:00","description":"Bestellen Sie diese einzigartige Cameo Glasvase (24 cm) mit Adam's Needle Dekor im Stil von Emile Gall\u00e9. Ein raffinierter, handgefertigter Blickfang f\u00fcr Ihr Interieur. Sehen Sie es sich jetzt an!","breadcrumb":{"@id":"https:\/\/www.eliassen.nl\/de\/vase-aus-kameeglas-von-emile-galle-adams-needle-24cm\/#breadcrumb"},"inLanguage":"de","potentialAction":[{"@type":"ReadAction","target":["https:\/\/www.eliassen.nl\/de\/vase-aus-kameeglas-von-emile-galle-adams-needle-24cm\/"]}]},{"@type":"ImageObject","inLanguage":"de","@id":"https:\/\/www.eliassen.nl\/de\/vase-aus-kameeglas-von-emile-galle-adams-needle-24cm\/#primaryimage","url":"https:\/\/www.eliassen.nl\/wp-content\/uploads\/2025\/03\/Galle-glasvaas-Adams-naald-Eliassen.nl-GV-91.jpg","contentUrl":"https:\/\/www.eliassen.nl\/wp-content\/uploads\/2025\/03\/Galle-glasvaas-Adams-naald-Eliassen.nl-GV-91.jpg","width":560,"height":560},{"@type":"BreadcrumbList","@id":"https:\/\/www.eliassen.nl\/de\/vase-aus-kameeglas-von-emile-galle-adams-needle-24cm\/#breadcrumb","itemListElement":[{"@type":"ListItem","position":1,"name":"Home","item":"https:\/\/www.eliassen.nl\/de\/"},{"@type":"ListItem","position":2,"name":"Shop","item":"https:\/\/www.eliassen.nl\/de\/shop\/"},{"@type":"ListItem","position":3,"name":"Glaskunst","item":"https:\/\/www.eliassen.nl\/de\/glaskunst\/"},{"@type":"ListItem","position":4,"name":"Vase aus Cameo-Glas von Emile Gall\u00e9 Adam&#8217;s Needle 24cm"}]},{"@type":"WebSite","@id":"https:\/\/www.eliassen.nl\/de\/#website","url":"https:\/\/www.eliassen.nl\/de\/","name":"Eliassen Home & Garden Pleasure","description":"","publisher":{"@id":"https:\/\/www.eliassen.nl\/de\/#organization"},"alternateName":"Eliassen.nl","potentialAction":[{"@type":"SearchAction","target":{"@type":"EntryPoint","urlTemplate":"https:\/\/www.eliassen.nl\/de\/?s={search_term_string}"},"query-input":{"@type":"PropertyValueSpecification","valueRequired":true,"valueName":"search_term_string"}}],"inLanguage":"de"},{"@type":["Organization","Place"],"@id":"https:\/\/www.eliassen.nl\/de\/#organization","name":"Eliassen Home & Garden Pleasure","url":"https:\/\/www.eliassen.nl\/de\/","logo":{"@id":"https:\/\/www.eliassen.nl\/de\/vase-aus-kameeglas-von-emile-galle-adams-needle-24cm\/#local-main-organization-logo"},"image":{"@id":"https:\/\/www.eliassen.nl\/de\/vase-aus-kameeglas-von-emile-galle-adams-needle-24cm\/#local-main-organization-logo"},"sameAs":["https:\/\/www.facebook.com\/TuincentrumEliassenAmmerzoden","https:\/\/www.instagram.com\/eliassenhomeandgarden\/","https:\/\/nl.pinterest.com\/eliassenhomeandgarden\/","https:\/\/www.youtube.com\/@eliassenhomegardenpleasure4558"],"telephone":[],"openingHoursSpecification":[{"@type":"OpeningHoursSpecification","dayOfWeek":["Monday","Tuesday","Wednesday","Thursday","Friday","Saturday","Sunday"],"opens":"09:00","closes":"17:00"}]},{"@type":"ImageObject","inLanguage":"de","@id":"https:\/\/www.eliassen.nl\/de\/vase-aus-kameeglas-von-emile-galle-adams-needle-24cm\/#local-main-organization-logo","url":"https:\/\/www.eliassen.nl\/wp-content\/uploads\/2024\/01\/logo_4nd.jpg","contentUrl":"https:\/\/www.eliassen.nl\/wp-content\/uploads\/2024\/01\/logo_4nd.jpg","width":500,"height":500,"caption":"Eliassen Home & Garden Pleasure"}]},"product_price_amount":"139.00","product_price_currency":"EUR","og_availability":"instock","product_availability":"instock","product_retailer_item_id":"gv-91","product_condition":"new"},"df_price":139,"df_sale_price":"","df_regular_price":139,"df_image_link":"https:\/\/www.eliassen.nl\/wp-content\/uploads\/2025\/03\/Galle-glasvaas-Adams-naald-Eliassen.nl-GV-91-300x300.jpg","image":"https:\/\/www.eliassen.nl\/wp-content\/uploads\/2025\/03\/Galle-glasvaas-Adams-naald-Eliassen.nl-GV-91-150x150.jpg","price_search":"<span class=\"woocommerce-Price-amount amount\"><bdi><span class=\"woocommerce-Price-currencySymbol\">&euro;<\/span>&nbsp;139,00<\/bdi><\/span>","category":"Cameo Glaskollektion","global_unique_id":"6096522411466","_links":{"self":[{"href":"https:\/\/www.eliassen.nl\/de\/wp-json\/wp\/v2\/product\/196914","targetHints":{"allow":["GET"]}}],"collection":[{"href":"https:\/\/www.eliassen.nl\/de\/wp-json\/wp\/v2\/product"}],"about":[{"href":"https:\/\/www.eliassen.nl\/de\/wp-json\/wp\/v2\/types\/product"}],"wp:featuredmedia":[{"embeddable":true,"href":"https:\/\/www.eliassen.nl\/de\/wp-json\/wp\/v2\/media\/177769"}],"wp:attachment":[{"href":"https:\/\/www.eliassen.nl\/de\/wp-json\/wp\/v2\/media?parent=196914"}],"wp:term":[{"taxonomy":"product_brand","embeddable":true,"href":"https:\/\/www.eliassen.nl\/de\/wp-json\/wp\/v2\/product_brand?post=196914"},{"taxonomy":"product_cat","embeddable":true,"href":"https:\/\/www.eliassen.nl\/de\/wp-json\/wp\/v2\/product_cat?post=196914"},{"taxonomy":"product_tag","embeddable":true,"href":"https:\/\/www.eliassen.nl\/de\/wp-json\/wp\/v2\/product_tag?post=196914"}],"curies":[{"name":"wp","href":"https:\/\/api.w.org\/{rel}","templated":true}]}}