{"id":184768,"date":"2025-05-27T17:15:59","date_gmt":"2025-05-27T15:15:59","guid":{"rendered":"https:\/\/www.eliassen.nl\/product\/seidenstrauss-rosa-mit-glasvase-38cm\/"},"modified":"2025-11-27T16:24:28","modified_gmt":"2025-11-27T15:24:28","slug":"seidenstrauss-rosa-mit-glasvase-38cm","status":"publish","type":"product","link":"https:\/\/www.eliassen.nl\/de\/seidenstrauss-rosa-mit-glasvase-38cm\/","title":{"rendered":"Seidenstrau\u00df rosa mit Glasvase 38cm"},"content":{"rendered":"<p class=\"xmsonormal\"><span style=\"font-family: 'Gill Sans MT',sans-serif;\">Ist das sch\u00f6n, ein fertiger Seidenstrau\u00df in einer Glasvase mit \u00fcberwiegend frischen hellrosa und wei\u00dfen Farben. Der Strau\u00df ist ca. 38cm hoch und steht in einer hellrosa Glasvase in der Gr\u00f6\u00dfe 11x15cm.<\/span><\/p>\n<p class=\"xmsonormal\"><span style=\"font-family: 'Gill Sans MT',sans-serif;\">Der Seidenstrau\u00df besteht aus 12 Stecklingen, die f\u00fcr sch\u00f6ne Farbkombinationen sorgen. Es gibt viele Orte, an denen diese farbenfrohen und stimmungsvollen St\u00fccke zur Geltung kommen.<\/span><\/p>\n<p class=\"xmsonormal\"><span style=\"font-family: 'Gill Sans MT',sans-serif;\">Stellen Sie ein paar davon auf die Fensterbank, die Anrichte, auf den Tisch, ins Schlafzimmer usw. Aber auch auf Terrassen und anderen \u00f6ffentlichen Pl\u00e4tzen.<\/span><\/p>\n<p class=\"xmsonormal\"><span style=\"font-family: 'Gill Sans MT',sans-serif;\">Diese Kunstblumenstr\u00e4u\u00dfe k\u00f6nnen Sie sich auch live in unserem Gesch\u00e4ft ansehen.<\/span><\/p>\n<p class=\"xmsonormal\"><b><span style=\"font-family: 'Gill Sans MT',sans-serif;\">Achten Sie auf die gestaffelten Preise f\u00fcr noch mehr Rabatt !!!<\/span><\/b><\/p>\n","protected":false},"excerpt":{"rendered":"<p>Wenn Sie mehr als 3 Kunstpflanzen kaufen, erhalten Sie einen Rabatt von 10%.<\/p>\n","protected":false},"featured_media":182992,"template":"","meta":{"_acf_changed":false,"_genesis_title":"","_genesis_description":""},"product_brand":[7505],"product_cat":[7005],"product_tag":[],"class_list":{"0":"post-184768","1":"product","2":"type-product","3":"status-publish","4":"has-post-thumbnail","6":"product_brand-sonstige","7":"product_cat-seidenblumenstrause","9":"first","10":"instock","11":"taxable","12":"shipping-taxable","13":"purchasable","14":"product-type-simple"},"acf":[],"meta_all":{"total_sales":"3"},"meta_all_flat":{"total_sales":"3"},"yoast_head":"<!-- This site is optimized with the Yoast SEO Premium plugin v26.2 (Yoast SEO v27.2) - https:\/\/yoast.com\/product\/yoast-seo-premium-wordpress\/ -->\n<title>Sonstige Seidenstrau\u00df rosa mit Glasvase 38cm - Eliassen.nl<\/title>\n<meta name=\"description\" content=\"Ein sch\u00f6ner dekorativer Seidenblumenstrau\u00df mit hellrosa\/wei\u00dfen Blumen. Inklusive Vase ist dieser Strau\u00df 38 cm hoch. Schnelle Lieferung.\" \/>\n<meta name=\"robots\" content=\"index, follow, max-snippet:-1, max-image-preview:large, max-video-preview:-1\" \/>\n<link rel=\"canonical\" href=\"https:\/\/www.eliassen.nl\/de\/seidenstrauss-rosa-mit-glasvase-38cm\/\" \/>\n<meta property=\"og:locale\" content=\"de_DE\" \/>\n<meta property=\"og:type\" content=\"article\" \/>\n<meta property=\"og:title\" content=\"Sonstige Seidenstrau\u00df rosa mit Glasvase 38cm - Eliassen.nl\" \/>\n<meta property=\"og:description\" content=\"Ein sch\u00f6ner dekorativer Seidenblumenstrau\u00df mit hellrosa\/wei\u00dfen Blumen. Inklusive Vase ist dieser Strau\u00df 38 cm hoch. Schnelle Lieferung.\" \/>\n<meta property=\"og:url\" content=\"https:\/\/www.eliassen.nl\/de\/seidenstrauss-rosa-mit-glasvase-38cm\/\" \/>\n<meta property=\"og:site_name\" content=\"Eliassen.nl\" \/>\n<meta property=\"article:publisher\" content=\"https:\/\/www.facebook.com\/TuincentrumEliassenAmmerzoden\" \/>\n<meta property=\"article:modified_time\" content=\"2025-11-27T15:24:28+00:00\" \/>\n<meta property=\"og:image\" content=\"https:\/\/www.eliassen.nl\/wp-content\/uploads\/2025\/05\/Vaas-met-boeket-roze-Eliassen.nl-06945-scaled.jpg\" \/>\n\t<meta property=\"og:image:width\" content=\"1707\" \/>\n\t<meta property=\"og:image:height\" content=\"2560\" \/>\n\t<meta property=\"og:image:type\" content=\"image\/jpeg\" \/>\n<meta name=\"twitter:card\" content=\"summary_large_image\" \/>\n<script type=\"application\/ld+json\" class=\"yoast-schema-graph\">{\"@context\":\"https:\/\/schema.org\",\"@graph\":[{\"@type\":\"WebPage\",\"@id\":\"https:\/\/www.eliassen.nl\/de\/seidenstrauss-rosa-mit-glasvase-38cm\/\",\"url\":\"https:\/\/www.eliassen.nl\/de\/seidenstrauss-rosa-mit-glasvase-38cm\/\",\"name\":\"Sonstige Seidenstrau\u00df rosa mit Glasvase 38cm - Eliassen.nl\",\"isPartOf\":{\"@id\":\"https:\/\/www.eliassen.nl\/de\/#website\"},\"primaryImageOfPage\":{\"@id\":\"https:\/\/www.eliassen.nl\/de\/seidenstrauss-rosa-mit-glasvase-38cm\/#primaryimage\"},\"image\":{\"@id\":\"https:\/\/www.eliassen.nl\/de\/seidenstrauss-rosa-mit-glasvase-38cm\/#primaryimage\"},\"thumbnailUrl\":\"https:\/\/www.eliassen.nl\/wp-content\/uploads\/2025\/05\/Vaas-met-boeket-roze-Eliassen.nl-06945-scaled.jpg\",\"datePublished\":\"2025-05-27T15:15:59+00:00\",\"dateModified\":\"2025-11-27T15:24:28+00:00\",\"description\":\"Ein sch\u00f6ner dekorativer Seidenblumenstrau\u00df mit hellrosa\/wei\u00dfen Blumen. Inklusive Vase ist dieser Strau\u00df 38 cm hoch. Schnelle Lieferung.\",\"breadcrumb\":{\"@id\":\"https:\/\/www.eliassen.nl\/de\/seidenstrauss-rosa-mit-glasvase-38cm\/#breadcrumb\"},\"inLanguage\":\"de\",\"potentialAction\":[{\"@type\":\"ReadAction\",\"target\":[\"https:\/\/www.eliassen.nl\/de\/seidenstrauss-rosa-mit-glasvase-38cm\/\"]}]},{\"@type\":\"ImageObject\",\"inLanguage\":\"de\",\"@id\":\"https:\/\/www.eliassen.nl\/de\/seidenstrauss-rosa-mit-glasvase-38cm\/#primaryimage\",\"url\":\"https:\/\/www.eliassen.nl\/wp-content\/uploads\/2025\/05\/Vaas-met-boeket-roze-Eliassen.nl-06945-scaled.jpg\",\"contentUrl\":\"https:\/\/www.eliassen.nl\/wp-content\/uploads\/2025\/05\/Vaas-met-boeket-roze-Eliassen.nl-06945-scaled.jpg\",\"width\":1707,\"height\":2560},{\"@type\":\"BreadcrumbList\",\"@id\":\"https:\/\/www.eliassen.nl\/de\/seidenstrauss-rosa-mit-glasvase-38cm\/#breadcrumb\",\"itemListElement\":[{\"@type\":\"ListItem\",\"position\":1,\"name\":\"Home\",\"item\":\"https:\/\/www.eliassen.nl\/de\/\"},{\"@type\":\"ListItem\",\"position\":2,\"name\":\"Shop\",\"item\":\"https:\/\/www.eliassen.nl\/de\/shop\/\"},{\"@type\":\"ListItem\",\"position\":3,\"name\":\"Seidenblumenstr\u00e4u\u00dfe\",\"item\":\"https:\/\/www.eliassen.nl\/de\/seidenblumenstrause\/\"},{\"@type\":\"ListItem\",\"position\":4,\"name\":\"Seidenstrau\u00df rosa mit Glasvase 38cm\"}]},{\"@type\":\"WebSite\",\"@id\":\"https:\/\/www.eliassen.nl\/de\/#website\",\"url\":\"https:\/\/www.eliassen.nl\/de\/\",\"name\":\"Eliassen Home & Garden Pleasure\",\"description\":\"\",\"publisher\":{\"@id\":\"https:\/\/www.eliassen.nl\/de\/#organization\"},\"alternateName\":\"Eliassen.nl\",\"potentialAction\":[{\"@type\":\"SearchAction\",\"target\":{\"@type\":\"EntryPoint\",\"urlTemplate\":\"https:\/\/www.eliassen.nl\/de\/?s={search_term_string}\"},\"query-input\":{\"@type\":\"PropertyValueSpecification\",\"valueRequired\":true,\"valueName\":\"search_term_string\"}}],\"inLanguage\":\"de\"},{\"@type\":[\"Organization\",\"Place\"],\"@id\":\"https:\/\/www.eliassen.nl\/de\/#organization\",\"name\":\"Eliassen Home & Garden Pleasure\",\"url\":\"https:\/\/www.eliassen.nl\/de\/\",\"logo\":{\"@id\":\"https:\/\/www.eliassen.nl\/de\/seidenstrauss-rosa-mit-glasvase-38cm\/#local-main-organization-logo\"},\"image\":{\"@id\":\"https:\/\/www.eliassen.nl\/de\/seidenstrauss-rosa-mit-glasvase-38cm\/#local-main-organization-logo\"},\"sameAs\":[\"https:\/\/www.facebook.com\/TuincentrumEliassenAmmerzoden\",\"https:\/\/www.instagram.com\/eliassenhomeandgarden\/\",\"https:\/\/nl.pinterest.com\/eliassenhomeandgarden\/\",\"https:\/\/www.youtube.com\/@eliassenhomegardenpleasure4558\"],\"telephone\":[],\"openingHoursSpecification\":[{\"@type\":\"OpeningHoursSpecification\",\"dayOfWeek\":[\"Monday\",\"Tuesday\",\"Wednesday\",\"Thursday\",\"Friday\",\"Saturday\",\"Sunday\"],\"opens\":\"09:00\",\"closes\":\"17:00\"}]},{\"@type\":\"ImageObject\",\"inLanguage\":\"de\",\"@id\":\"https:\/\/www.eliassen.nl\/de\/seidenstrauss-rosa-mit-glasvase-38cm\/#local-main-organization-logo\",\"url\":\"https:\/\/www.eliassen.nl\/wp-content\/uploads\/2024\/01\/logo_4nd.jpg\",\"contentUrl\":\"https:\/\/www.eliassen.nl\/wp-content\/uploads\/2024\/01\/logo_4nd.jpg\",\"width\":500,\"height\":500,\"caption\":\"Eliassen Home & Garden Pleasure\"}]}<\/script>\n<meta property=\"product:price:amount\" content=\"17.50\" \/>\n<meta property=\"product:price:currency\" content=\"EUR\" \/>\n<meta property=\"og:availability\" content=\"instock\" \/>\n<meta property=\"product:availability\" content=\"instock\" \/>\n<meta property=\"product:retailer_item_id\" content=\"06945\" \/>\n<meta property=\"product:condition\" content=\"new\" \/>\n<!-- \/ Yoast SEO Premium plugin. -->","yoast_head_json":{"title":"Sonstige Seidenstrau\u00df rosa mit Glasvase 38cm - Eliassen.nl","description":"Ein sch\u00f6ner dekorativer Seidenblumenstrau\u00df mit hellrosa\/wei\u00dfen Blumen. Inklusive Vase ist dieser Strau\u00df 38 cm hoch. Schnelle Lieferung.","robots":{"index":"index","follow":"follow","max-snippet":"max-snippet:-1","max-image-preview":"max-image-preview:large","max-video-preview":"max-video-preview:-1"},"canonical":"https:\/\/www.eliassen.nl\/de\/seidenstrauss-rosa-mit-glasvase-38cm\/","og_locale":"de_DE","og_type":"article","og_title":"Sonstige Seidenstrau\u00df rosa mit Glasvase 38cm - Eliassen.nl","og_description":"Ein sch\u00f6ner dekorativer Seidenblumenstrau\u00df mit hellrosa\/wei\u00dfen Blumen. Inklusive Vase ist dieser Strau\u00df 38 cm hoch. Schnelle Lieferung.","og_url":"https:\/\/www.eliassen.nl\/de\/seidenstrauss-rosa-mit-glasvase-38cm\/","og_site_name":"Eliassen.nl","article_publisher":"https:\/\/www.facebook.com\/TuincentrumEliassenAmmerzoden","article_modified_time":"2025-11-27T15:24:28+00:00","og_image":[{"width":1707,"height":2560,"url":"https:\/\/www.eliassen.nl\/wp-content\/uploads\/2025\/05\/Vaas-met-boeket-roze-Eliassen.nl-06945-scaled.jpg","type":"image\/jpeg"}],"twitter_card":"summary_large_image","schema":{"@context":"https:\/\/schema.org","@graph":[{"@type":"WebPage","@id":"https:\/\/www.eliassen.nl\/de\/seidenstrauss-rosa-mit-glasvase-38cm\/","url":"https:\/\/www.eliassen.nl\/de\/seidenstrauss-rosa-mit-glasvase-38cm\/","name":"Sonstige Seidenstrau\u00df rosa mit Glasvase 38cm - Eliassen.nl","isPartOf":{"@id":"https:\/\/www.eliassen.nl\/de\/#website"},"primaryImageOfPage":{"@id":"https:\/\/www.eliassen.nl\/de\/seidenstrauss-rosa-mit-glasvase-38cm\/#primaryimage"},"image":{"@id":"https:\/\/www.eliassen.nl\/de\/seidenstrauss-rosa-mit-glasvase-38cm\/#primaryimage"},"thumbnailUrl":"https:\/\/www.eliassen.nl\/wp-content\/uploads\/2025\/05\/Vaas-met-boeket-roze-Eliassen.nl-06945-scaled.jpg","datePublished":"2025-05-27T15:15:59+00:00","dateModified":"2025-11-27T15:24:28+00:00","description":"Ein sch\u00f6ner dekorativer Seidenblumenstrau\u00df mit hellrosa\/wei\u00dfen Blumen. Inklusive Vase ist dieser Strau\u00df 38 cm hoch. Schnelle Lieferung.","breadcrumb":{"@id":"https:\/\/www.eliassen.nl\/de\/seidenstrauss-rosa-mit-glasvase-38cm\/#breadcrumb"},"inLanguage":"de","potentialAction":[{"@type":"ReadAction","target":["https:\/\/www.eliassen.nl\/de\/seidenstrauss-rosa-mit-glasvase-38cm\/"]}]},{"@type":"ImageObject","inLanguage":"de","@id":"https:\/\/www.eliassen.nl\/de\/seidenstrauss-rosa-mit-glasvase-38cm\/#primaryimage","url":"https:\/\/www.eliassen.nl\/wp-content\/uploads\/2025\/05\/Vaas-met-boeket-roze-Eliassen.nl-06945-scaled.jpg","contentUrl":"https:\/\/www.eliassen.nl\/wp-content\/uploads\/2025\/05\/Vaas-met-boeket-roze-Eliassen.nl-06945-scaled.jpg","width":1707,"height":2560},{"@type":"BreadcrumbList","@id":"https:\/\/www.eliassen.nl\/de\/seidenstrauss-rosa-mit-glasvase-38cm\/#breadcrumb","itemListElement":[{"@type":"ListItem","position":1,"name":"Home","item":"https:\/\/www.eliassen.nl\/de\/"},{"@type":"ListItem","position":2,"name":"Shop","item":"https:\/\/www.eliassen.nl\/de\/shop\/"},{"@type":"ListItem","position":3,"name":"Seidenblumenstr\u00e4u\u00dfe","item":"https:\/\/www.eliassen.nl\/de\/seidenblumenstrause\/"},{"@type":"ListItem","position":4,"name":"Seidenstrau\u00df rosa mit Glasvase 38cm"}]},{"@type":"WebSite","@id":"https:\/\/www.eliassen.nl\/de\/#website","url":"https:\/\/www.eliassen.nl\/de\/","name":"Eliassen Home & Garden Pleasure","description":"","publisher":{"@id":"https:\/\/www.eliassen.nl\/de\/#organization"},"alternateName":"Eliassen.nl","potentialAction":[{"@type":"SearchAction","target":{"@type":"EntryPoint","urlTemplate":"https:\/\/www.eliassen.nl\/de\/?s={search_term_string}"},"query-input":{"@type":"PropertyValueSpecification","valueRequired":true,"valueName":"search_term_string"}}],"inLanguage":"de"},{"@type":["Organization","Place"],"@id":"https:\/\/www.eliassen.nl\/de\/#organization","name":"Eliassen Home & Garden Pleasure","url":"https:\/\/www.eliassen.nl\/de\/","logo":{"@id":"https:\/\/www.eliassen.nl\/de\/seidenstrauss-rosa-mit-glasvase-38cm\/#local-main-organization-logo"},"image":{"@id":"https:\/\/www.eliassen.nl\/de\/seidenstrauss-rosa-mit-glasvase-38cm\/#local-main-organization-logo"},"sameAs":["https:\/\/www.facebook.com\/TuincentrumEliassenAmmerzoden","https:\/\/www.instagram.com\/eliassenhomeandgarden\/","https:\/\/nl.pinterest.com\/eliassenhomeandgarden\/","https:\/\/www.youtube.com\/@eliassenhomegardenpleasure4558"],"telephone":[],"openingHoursSpecification":[{"@type":"OpeningHoursSpecification","dayOfWeek":["Monday","Tuesday","Wednesday","Thursday","Friday","Saturday","Sunday"],"opens":"09:00","closes":"17:00"}]},{"@type":"ImageObject","inLanguage":"de","@id":"https:\/\/www.eliassen.nl\/de\/seidenstrauss-rosa-mit-glasvase-38cm\/#local-main-organization-logo","url":"https:\/\/www.eliassen.nl\/wp-content\/uploads\/2024\/01\/logo_4nd.jpg","contentUrl":"https:\/\/www.eliassen.nl\/wp-content\/uploads\/2024\/01\/logo_4nd.jpg","width":500,"height":500,"caption":"Eliassen Home & Garden Pleasure"}]},"product_price_amount":"17.50","product_price_currency":"EUR","og_availability":"instock","product_availability":"instock","product_retailer_item_id":"06945","product_condition":"new"},"df_price":17.5,"df_sale_price":"","df_regular_price":17.5,"df_image_link":"https:\/\/www.eliassen.nl\/wp-content\/uploads\/2025\/05\/Vaas-met-boeket-roze-Eliassen.nl-06945-200x300.jpg","image":"https:\/\/www.eliassen.nl\/wp-content\/uploads\/2025\/05\/Vaas-met-boeket-roze-Eliassen.nl-06945-150x150.jpg","price_search":"<span class=\"woocommerce-Price-amount amount\"><bdi><span class=\"woocommerce-Price-currencySymbol\">&euro;<\/span>&nbsp;17,50<\/bdi><\/span>","category":"Seidenblumenstr\u00e4u\u00dfe","global_unique_id":"5414088389066","_links":{"self":[{"href":"https:\/\/www.eliassen.nl\/de\/wp-json\/wp\/v2\/product\/184768","targetHints":{"allow":["GET"]}}],"collection":[{"href":"https:\/\/www.eliassen.nl\/de\/wp-json\/wp\/v2\/product"}],"about":[{"href":"https:\/\/www.eliassen.nl\/de\/wp-json\/wp\/v2\/types\/product"}],"wp:featuredmedia":[{"embeddable":true,"href":"https:\/\/www.eliassen.nl\/de\/wp-json\/wp\/v2\/media\/182992"}],"wp:attachment":[{"href":"https:\/\/www.eliassen.nl\/de\/wp-json\/wp\/v2\/media?parent=184768"}],"wp:term":[{"taxonomy":"product_brand","embeddable":true,"href":"https:\/\/www.eliassen.nl\/de\/wp-json\/wp\/v2\/product_brand?post=184768"},{"taxonomy":"product_cat","embeddable":true,"href":"https:\/\/www.eliassen.nl\/de\/wp-json\/wp\/v2\/product_cat?post=184768"},{"taxonomy":"product_tag","embeddable":true,"href":"https:\/\/www.eliassen.nl\/de\/wp-json\/wp\/v2\/product_tag?post=184768"}],"curies":[{"name":"wp","href":"https:\/\/api.w.org\/{rel}","templated":true}]}}