{"id":158282,"date":"2024-07-17T16:04:23","date_gmt":"2024-07-17T16:04:23","guid":{"rendered":"https:\/\/www.eliassen.nl\/?product=copy-of-glasvaasje-pisa-mix-colors-18cm-152654106"},"modified":"2026-02-27T14:12:41","modified_gmt":"2026-02-27T13:12:41","slug":"glasvase-pisa-indian-summer-18cm","status":"publish","type":"product","link":"https:\/\/www.eliassen.nl\/de\/glasvase-pisa-indian-summer-18cm\/","title":{"rendered":"Glasvase Pisa Altweibersommer 18cm"},"content":{"rendered":"<p class=\"x_MsoListParagraph\">Diese formsch\u00f6ne, hohe Blumenvase der Spitzenmarke Fidrio aus der Indian Summer Kollektion ist sicher ein wertvolles Dekorationsst\u00fcck in Ihrer Einrichtung. Mit Blumen ist diese Glasvase sicherlich ein sch\u00f6ner Blickfang, aber auch ohne Blumen macht diese Glasvase in jeder Einrichtung eine gute Figur.<\/p>\n<p class=\"x_MsoListParagraph\">Alle Glasvasen von Fidrio werden nach traditioneller, handwerklicher Art und Weise handgefertigt. Das bearbeitbare, superhei\u00dfe Glas wird in eine Holzform geblasen, wobei die Form als Grundform dient, aber die Farbnuancen und damit das Aussehen bei jeder Vase anders ausfallen werden. Die angegebenen Gr\u00f6\u00dfen sind immer Circa-Gr\u00f6\u00dfen.<\/p>\n<ul>\n<li class=\"x_MsoListParagraph\">Gr\u00f6\u00dfe: 9x18cm hoch.<\/li>\n<li class=\"x_MsoListParagraph\">Farbe: Farbenfroh mit Braun- und Gr\u00fcnt\u00f6nen.<\/li>\n<li class=\"x_MsoListParagraph\">Material: Hochwertiges mundgeblasenes europ\u00e4isches Glas.<\/li>\n<li class=\"x_MsoListParagraph\">Garantie: 1 Jahr.<\/li>\n<li class=\"x_MsoListParagraph\">Reinigen Sie niemals mit hei\u00dfem Wasser.<\/li>\n<li class=\"x_MsoListParagraph\">Wird auf umweltfreundliche Weise verpackt.<\/li>\n<li class=\"x_MsoListParagraph\">Das Foto dient nur als Beispiel und die Farben k\u00f6nnen variieren.<\/li>\n<\/ul>\n","protected":false},"excerpt":{"rendered":"<p>\u2713 Handgefertigt \u2713 9x18cm hoch<\/p>\n","protected":false},"featured_media":158273,"template":"","meta":{"_acf_changed":false,"_genesis_title":"","_genesis_description":""},"product_brand":[6950],"product_cat":[812,800,7060],"product_tag":[],"class_list":{"0":"post-158282","1":"product","2":"type-product","3":"status-publish","4":"has-post-thumbnail","6":"product_brand-fidrio-de","7":"product_cat-farbige-glasvasen","8":"product_cat-glaskunst","9":"product_cat-fidrio-glaskollektion","11":"first","12":"instock","13":"taxable","14":"shipping-taxable","15":"purchasable","16":"product-type-simple"},"acf":[],"meta_all":{"total_sales":"2","wcml_sync_hash":{"postmeta_fields":"abd9c5255566c58e1bd72fa0c1d86f94"},"attr_label_translations":[],"cor_restricted_countries":[]},"meta_all_flat":{"total_sales":"2","wcml_sync_hash.postmeta_fields":"abd9c5255566c58e1bd72fa0c1d86f94"},"yoast_head":"<!-- This site is optimized with the Yoast SEO Premium plugin v26.2 (Yoast SEO v27.2) - https:\/\/yoast.com\/product\/yoast-seo-premium-wordpress\/ -->\n<title>Glasvase Pisa Altweibersommer 18cm - Eliassen.nl<\/title>\n<meta name=\"description\" content=\"Fidrio Glasvase kaufen? Dieses Modell aus der Indian Summer Kollektion ist farbenfroh und einmalig. Die Vase ist in gr\u00fcnen und braunen Farben handgefertigt.\" \/>\n<meta name=\"robots\" content=\"index, follow, max-snippet:-1, max-image-preview:large, max-video-preview:-1\" \/>\n<link rel=\"canonical\" href=\"https:\/\/www.eliassen.nl\/de\/glasvase-pisa-indian-summer-18cm\/\" \/>\n<meta property=\"og:locale\" content=\"de_DE\" \/>\n<meta property=\"og:type\" content=\"article\" \/>\n<meta property=\"og:title\" content=\"Fidrio Glasvase Pisa Altweibersommer 18cm - Eliassen.nl\" \/>\n<meta property=\"og:description\" content=\"Fidrio Glasvase kaufen? Dieses Modell aus der Indian Summer Kollektion ist farbenfroh und einmalig. Die Vase ist in gr\u00fcnen und braunen Farben handgefertigt.\" \/>\n<meta property=\"og:url\" content=\"https:\/\/www.eliassen.nl\/de\/glasvase-pisa-indian-summer-18cm\/\" \/>\n<meta property=\"og:site_name\" content=\"Eliassen.nl\" \/>\n<meta property=\"article:publisher\" content=\"https:\/\/www.facebook.com\/TuincentrumEliassenAmmerzoden\" \/>\n<meta property=\"article:modified_time\" content=\"2026-02-27T13:12:41+00:00\" \/>\n<meta property=\"og:image\" content=\"https:\/\/www.eliassen.nl\/wp-content\/uploads\/2024\/10\/glasvaasjepisaindiansummer18cmeliassennl3.jpg\" \/>\n\t<meta property=\"og:image:width\" content=\"929\" \/>\n\t<meta property=\"og:image:height\" content=\"1652\" \/>\n\t<meta property=\"og:image:type\" content=\"image\/jpeg\" \/>\n<meta name=\"twitter:card\" content=\"summary_large_image\" \/>\n<script type=\"application\/ld+json\" class=\"yoast-schema-graph\">{\"@context\":\"https:\/\/schema.org\",\"@graph\":[{\"@type\":\"WebPage\",\"@id\":\"https:\/\/www.eliassen.nl\/de\/glasvase-pisa-indian-summer-18cm\/\",\"url\":\"https:\/\/www.eliassen.nl\/de\/glasvase-pisa-indian-summer-18cm\/\",\"name\":\"Glasvase Pisa Altweibersommer 18cm - Eliassen.nl\",\"isPartOf\":{\"@id\":\"https:\/\/www.eliassen.nl\/de\/#website\"},\"primaryImageOfPage\":{\"@id\":\"https:\/\/www.eliassen.nl\/de\/glasvase-pisa-indian-summer-18cm\/#primaryimage\"},\"image\":{\"@id\":\"https:\/\/www.eliassen.nl\/de\/glasvase-pisa-indian-summer-18cm\/#primaryimage\"},\"thumbnailUrl\":\"https:\/\/www.eliassen.nl\/wp-content\/uploads\/2024\/10\/glasvaasjepisaindiansummer18cmeliassennl3.jpg\",\"datePublished\":\"2024-07-17T16:04:23+00:00\",\"dateModified\":\"2026-02-27T13:12:41+00:00\",\"description\":\"Fidrio Glasvase kaufen? Dieses Modell aus der Indian Summer Kollektion ist farbenfroh und einmalig. Die Vase ist in gr\u00fcnen und braunen Farben handgefertigt.\",\"breadcrumb\":{\"@id\":\"https:\/\/www.eliassen.nl\/de\/glasvase-pisa-indian-summer-18cm\/#breadcrumb\"},\"inLanguage\":\"de\",\"potentialAction\":[{\"@type\":\"ReadAction\",\"target\":[\"https:\/\/www.eliassen.nl\/de\/glasvase-pisa-indian-summer-18cm\/\"]}]},{\"@type\":\"ImageObject\",\"inLanguage\":\"de\",\"@id\":\"https:\/\/www.eliassen.nl\/de\/glasvase-pisa-indian-summer-18cm\/#primaryimage\",\"url\":\"https:\/\/www.eliassen.nl\/wp-content\/uploads\/2024\/10\/glasvaasjepisaindiansummer18cmeliassennl3.jpg\",\"contentUrl\":\"https:\/\/www.eliassen.nl\/wp-content\/uploads\/2024\/10\/glasvaasjepisaindiansummer18cmeliassennl3.jpg\",\"width\":929,\"height\":1652,\"caption\":\"Glasvase Pisa Altweibersommer 18cm eliassen.co.uk 3\"},{\"@type\":\"BreadcrumbList\",\"@id\":\"https:\/\/www.eliassen.nl\/de\/glasvase-pisa-indian-summer-18cm\/#breadcrumb\",\"itemListElement\":[{\"@type\":\"ListItem\",\"position\":1,\"name\":\"Home\",\"item\":\"https:\/\/www.eliassen.nl\/de\/\"},{\"@type\":\"ListItem\",\"position\":2,\"name\":\"Shop\",\"item\":\"https:\/\/www.eliassen.nl\/de\/shop\/\"},{\"@type\":\"ListItem\",\"position\":3,\"name\":\"Glaskunst\",\"item\":\"https:\/\/www.eliassen.nl\/de\/glaskunst\/\"},{\"@type\":\"ListItem\",\"position\":4,\"name\":\"Farbige Glasvasen\",\"item\":\"https:\/\/www.eliassen.nl\/de\/glaskunst\/farbige-glasvasen\/\"},{\"@type\":\"ListItem\",\"position\":5,\"name\":\"Glasvase Pisa Altweibersommer 18cm\"}]},{\"@type\":\"WebSite\",\"@id\":\"https:\/\/www.eliassen.nl\/de\/#website\",\"url\":\"https:\/\/www.eliassen.nl\/de\/\",\"name\":\"Eliassen Home & Garden Pleasure\",\"description\":\"\",\"publisher\":{\"@id\":\"https:\/\/www.eliassen.nl\/de\/#organization\"},\"alternateName\":\"Eliassen.nl\",\"potentialAction\":[{\"@type\":\"SearchAction\",\"target\":{\"@type\":\"EntryPoint\",\"urlTemplate\":\"https:\/\/www.eliassen.nl\/de\/?s={search_term_string}\"},\"query-input\":{\"@type\":\"PropertyValueSpecification\",\"valueRequired\":true,\"valueName\":\"search_term_string\"}}],\"inLanguage\":\"de\"},{\"@type\":[\"Organization\",\"Place\"],\"@id\":\"https:\/\/www.eliassen.nl\/de\/#organization\",\"name\":\"Eliassen Home & Garden Pleasure\",\"url\":\"https:\/\/www.eliassen.nl\/de\/\",\"logo\":{\"@id\":\"https:\/\/www.eliassen.nl\/de\/glasvase-pisa-indian-summer-18cm\/#local-main-organization-logo\"},\"image\":{\"@id\":\"https:\/\/www.eliassen.nl\/de\/glasvase-pisa-indian-summer-18cm\/#local-main-organization-logo\"},\"sameAs\":[\"https:\/\/www.facebook.com\/TuincentrumEliassenAmmerzoden\",\"https:\/\/www.instagram.com\/eliassenhomeandgarden\/\",\"https:\/\/nl.pinterest.com\/eliassenhomeandgarden\/\",\"https:\/\/www.youtube.com\/@eliassenhomegardenpleasure4558\"],\"telephone\":[],\"openingHoursSpecification\":[{\"@type\":\"OpeningHoursSpecification\",\"dayOfWeek\":[\"Monday\",\"Tuesday\",\"Wednesday\",\"Thursday\",\"Friday\",\"Saturday\",\"Sunday\"],\"opens\":\"09:00\",\"closes\":\"17:00\"}]},{\"@type\":\"ImageObject\",\"inLanguage\":\"de\",\"@id\":\"https:\/\/www.eliassen.nl\/de\/glasvase-pisa-indian-summer-18cm\/#local-main-organization-logo\",\"url\":\"https:\/\/www.eliassen.nl\/wp-content\/uploads\/2024\/01\/logo_4nd.jpg\",\"contentUrl\":\"https:\/\/www.eliassen.nl\/wp-content\/uploads\/2024\/01\/logo_4nd.jpg\",\"width\":500,\"height\":500,\"caption\":\"Eliassen Home & Garden Pleasure\"}]}<\/script>\n<meta property=\"product:price:amount\" content=\"18.50\" \/>\n<meta property=\"product:price:currency\" content=\"EUR\" \/>\n<meta property=\"og:availability\" content=\"instock\" \/>\n<meta property=\"product:availability\" content=\"instock\" \/>\n<meta property=\"product:retailer_item_id\" content=\"430\/9373\/is\" \/>\n<meta property=\"product:condition\" content=\"new\" \/>\n<!-- \/ Yoast SEO Premium plugin. -->","yoast_head_json":{"title":"Glasvase Pisa Altweibersommer 18cm - Eliassen.nl","description":"Fidrio Glasvase kaufen? Dieses Modell aus der Indian Summer Kollektion ist farbenfroh und einmalig. Die Vase ist in gr\u00fcnen und braunen Farben handgefertigt.","robots":{"index":"index","follow":"follow","max-snippet":"max-snippet:-1","max-image-preview":"max-image-preview:large","max-video-preview":"max-video-preview:-1"},"canonical":"https:\/\/www.eliassen.nl\/de\/glasvase-pisa-indian-summer-18cm\/","og_locale":"de_DE","og_type":"article","og_title":"Fidrio Glasvase Pisa Altweibersommer 18cm - Eliassen.nl","og_description":"Fidrio Glasvase kaufen? Dieses Modell aus der Indian Summer Kollektion ist farbenfroh und einmalig. Die Vase ist in gr\u00fcnen und braunen Farben handgefertigt.","og_url":"https:\/\/www.eliassen.nl\/de\/glasvase-pisa-indian-summer-18cm\/","og_site_name":"Eliassen.nl","article_publisher":"https:\/\/www.facebook.com\/TuincentrumEliassenAmmerzoden","article_modified_time":"2026-02-27T13:12:41+00:00","og_image":[{"width":929,"height":1652,"url":"https:\/\/www.eliassen.nl\/wp-content\/uploads\/2024\/10\/glasvaasjepisaindiansummer18cmeliassennl3.jpg","type":"image\/jpeg"}],"twitter_card":"summary_large_image","schema":{"@context":"https:\/\/schema.org","@graph":[{"@type":"WebPage","@id":"https:\/\/www.eliassen.nl\/de\/glasvase-pisa-indian-summer-18cm\/","url":"https:\/\/www.eliassen.nl\/de\/glasvase-pisa-indian-summer-18cm\/","name":"Glasvase Pisa Altweibersommer 18cm - Eliassen.nl","isPartOf":{"@id":"https:\/\/www.eliassen.nl\/de\/#website"},"primaryImageOfPage":{"@id":"https:\/\/www.eliassen.nl\/de\/glasvase-pisa-indian-summer-18cm\/#primaryimage"},"image":{"@id":"https:\/\/www.eliassen.nl\/de\/glasvase-pisa-indian-summer-18cm\/#primaryimage"},"thumbnailUrl":"https:\/\/www.eliassen.nl\/wp-content\/uploads\/2024\/10\/glasvaasjepisaindiansummer18cmeliassennl3.jpg","datePublished":"2024-07-17T16:04:23+00:00","dateModified":"2026-02-27T13:12:41+00:00","description":"Fidrio Glasvase kaufen? Dieses Modell aus der Indian Summer Kollektion ist farbenfroh und einmalig. Die Vase ist in gr\u00fcnen und braunen Farben handgefertigt.","breadcrumb":{"@id":"https:\/\/www.eliassen.nl\/de\/glasvase-pisa-indian-summer-18cm\/#breadcrumb"},"inLanguage":"de","potentialAction":[{"@type":"ReadAction","target":["https:\/\/www.eliassen.nl\/de\/glasvase-pisa-indian-summer-18cm\/"]}]},{"@type":"ImageObject","inLanguage":"de","@id":"https:\/\/www.eliassen.nl\/de\/glasvase-pisa-indian-summer-18cm\/#primaryimage","url":"https:\/\/www.eliassen.nl\/wp-content\/uploads\/2024\/10\/glasvaasjepisaindiansummer18cmeliassennl3.jpg","contentUrl":"https:\/\/www.eliassen.nl\/wp-content\/uploads\/2024\/10\/glasvaasjepisaindiansummer18cmeliassennl3.jpg","width":929,"height":1652,"caption":"Glasvase Pisa Altweibersommer 18cm eliassen.co.uk 3"},{"@type":"BreadcrumbList","@id":"https:\/\/www.eliassen.nl\/de\/glasvase-pisa-indian-summer-18cm\/#breadcrumb","itemListElement":[{"@type":"ListItem","position":1,"name":"Home","item":"https:\/\/www.eliassen.nl\/de\/"},{"@type":"ListItem","position":2,"name":"Shop","item":"https:\/\/www.eliassen.nl\/de\/shop\/"},{"@type":"ListItem","position":3,"name":"Glaskunst","item":"https:\/\/www.eliassen.nl\/de\/glaskunst\/"},{"@type":"ListItem","position":4,"name":"Farbige Glasvasen","item":"https:\/\/www.eliassen.nl\/de\/glaskunst\/farbige-glasvasen\/"},{"@type":"ListItem","position":5,"name":"Glasvase Pisa Altweibersommer 18cm"}]},{"@type":"WebSite","@id":"https:\/\/www.eliassen.nl\/de\/#website","url":"https:\/\/www.eliassen.nl\/de\/","name":"Eliassen Home & Garden Pleasure","description":"","publisher":{"@id":"https:\/\/www.eliassen.nl\/de\/#organization"},"alternateName":"Eliassen.nl","potentialAction":[{"@type":"SearchAction","target":{"@type":"EntryPoint","urlTemplate":"https:\/\/www.eliassen.nl\/de\/?s={search_term_string}"},"query-input":{"@type":"PropertyValueSpecification","valueRequired":true,"valueName":"search_term_string"}}],"inLanguage":"de"},{"@type":["Organization","Place"],"@id":"https:\/\/www.eliassen.nl\/de\/#organization","name":"Eliassen Home & Garden Pleasure","url":"https:\/\/www.eliassen.nl\/de\/","logo":{"@id":"https:\/\/www.eliassen.nl\/de\/glasvase-pisa-indian-summer-18cm\/#local-main-organization-logo"},"image":{"@id":"https:\/\/www.eliassen.nl\/de\/glasvase-pisa-indian-summer-18cm\/#local-main-organization-logo"},"sameAs":["https:\/\/www.facebook.com\/TuincentrumEliassenAmmerzoden","https:\/\/www.instagram.com\/eliassenhomeandgarden\/","https:\/\/nl.pinterest.com\/eliassenhomeandgarden\/","https:\/\/www.youtube.com\/@eliassenhomegardenpleasure4558"],"telephone":[],"openingHoursSpecification":[{"@type":"OpeningHoursSpecification","dayOfWeek":["Monday","Tuesday","Wednesday","Thursday","Friday","Saturday","Sunday"],"opens":"09:00","closes":"17:00"}]},{"@type":"ImageObject","inLanguage":"de","@id":"https:\/\/www.eliassen.nl\/de\/glasvase-pisa-indian-summer-18cm\/#local-main-organization-logo","url":"https:\/\/www.eliassen.nl\/wp-content\/uploads\/2024\/01\/logo_4nd.jpg","contentUrl":"https:\/\/www.eliassen.nl\/wp-content\/uploads\/2024\/01\/logo_4nd.jpg","width":500,"height":500,"caption":"Eliassen Home & Garden Pleasure"}]},"product_price_amount":"18.50","product_price_currency":"EUR","og_availability":"instock","product_availability":"instock","product_retailer_item_id":"430\/9373\/is","product_condition":"new"},"df_price":18.5,"df_sale_price":"","df_regular_price":18.5,"df_image_link":"https:\/\/www.eliassen.nl\/wp-content\/uploads\/2024\/10\/glasvaasjepisaindiansummer18cmeliassennl3.jpg","image":"https:\/\/www.eliassen.nl\/wp-content\/uploads\/2024\/10\/glasvaasjepisaindiansummer18cmeliassennl3.jpg","price_search":"<span class=\"woocommerce-Price-amount amount\"><bdi><span class=\"woocommerce-Price-currencySymbol\">&euro;<\/span>&nbsp;18,50<\/bdi><\/span>","category":"Farbige Glasvasen","global_unique_id":"8720297679780","_links":{"self":[{"href":"https:\/\/www.eliassen.nl\/de\/wp-json\/wp\/v2\/product\/158282","targetHints":{"allow":["GET"]}}],"collection":[{"href":"https:\/\/www.eliassen.nl\/de\/wp-json\/wp\/v2\/product"}],"about":[{"href":"https:\/\/www.eliassen.nl\/de\/wp-json\/wp\/v2\/types\/product"}],"wp:featuredmedia":[{"embeddable":true,"href":"https:\/\/www.eliassen.nl\/de\/wp-json\/wp\/v2\/media\/158273"}],"wp:attachment":[{"href":"https:\/\/www.eliassen.nl\/de\/wp-json\/wp\/v2\/media?parent=158282"}],"wp:term":[{"taxonomy":"product_brand","embeddable":true,"href":"https:\/\/www.eliassen.nl\/de\/wp-json\/wp\/v2\/product_brand?post=158282"},{"taxonomy":"product_cat","embeddable":true,"href":"https:\/\/www.eliassen.nl\/de\/wp-json\/wp\/v2\/product_cat?post=158282"},{"taxonomy":"product_tag","embeddable":true,"href":"https:\/\/www.eliassen.nl\/de\/wp-json\/wp\/v2\/product_tag?post=158282"}],"curies":[{"name":"wp","href":"https:\/\/api.w.org\/{rel}","templated":true}]}}